{"id":564,"date":"2026-01-17T14:42:23","date_gmt":"2026-01-17T14:42:23","guid":{"rendered":"https:\/\/www.amicale-meriteagricole76.org\/?page_id=564"},"modified":"2026-01-18T15:45:16","modified_gmt":"2026-01-18T15:45:16","slug":"article-merite-agricole-entre-les-gens-de-la-terre-et-ceux-de-la-mer","status":"publish","type":"page","link":"https:\/\/www.amicale-meriteagricole76.org\/index.php\/article-merite-agricole-entre-les-gens-de-la-terre-et-ceux-de-la-mer\/","title":{"rendered":"Article &#8211; M\u00e9rite Agricole : entre les gens de la terre et ceux de la mer"},"content":{"rendered":"\t\t<div data-elementor-type=\"wp-page\" data-elementor-id=\"564\" class=\"elementor elementor-564\" data-elementor-post-type=\"page\">\n\t\t\t\t<div class=\"elementor-element elementor-element-9afda4d e-flex e-con-boxed e-con e-parent\" data-id=\"9afda4d\" data-element_type=\"container\">\n\t\t\t\t\t<div class=\"e-con-inner\">\n\t\t<div class=\"elementor-element elementor-element-2c1f6d1 e-con-full e-flex e-con e-child\" data-id=\"2c1f6d1\" data-element_type=\"container\">\n\t\t\t\t<div class=\"elementor-element elementor-element-36c799f elementor-widget__width-initial elementor-widget elementor-widget-heading\" data-id=\"36c799f\" data-element_type=\"widget\" data-widget_type=\"heading.default\">\n\t\t\t\t\t<h2 class=\"elementor-heading-title elementor-size-default\">19 NOVEMBRE 2022<\/h2>\t\t\t\t<\/div>\n\t\t\t\t<div class=\"elementor-element elementor-element-ce9fb66 elementor-widget-mobile__width-initial elementor-widget-divider--view-line elementor-widget elementor-widget-divider\" data-id=\"ce9fb66\" data-element_type=\"widget\" data-widget_type=\"divider.default\">\n\t\t\t\t\t\t\t<div class=\"elementor-divider\">\n\t\t\t<span class=\"elementor-divider-separator\">\n\t\t\t\t\t\t<\/span>\n\t\t<\/div>\n\t\t\t\t\t\t<\/div>\n\t\t\t\t<\/div>\n\t\t\t\t\t<\/div>\n\t\t\t\t<\/div>\n\t\t<div class=\"elementor-element elementor-element-f536a98 e-flex e-con-boxed e-con e-parent\" data-id=\"f536a98\" data-element_type=\"container\">\n\t\t\t\t\t<div class=\"e-con-inner\">\n\t\t\t\t<div class=\"elementor-element elementor-element-72a4c97 elementor-widget elementor-widget-heading\" data-id=\"72a4c97\" data-element_type=\"widget\" data-widget_type=\"heading.default\">\n\t\t\t\t\t<h2 class=\"elementor-heading-title elementor-size-default\">Assembl\u00e9e g\u00e9n\u00e9rale du M\u00e9rite Agricole : <\/h2>\t\t\t\t<\/div>\n\t\t\t\t<div class=\"elementor-element elementor-element-ebc68aa elementor-widget__width-initial elementor-widget elementor-widget-heading\" data-id=\"ebc68aa\" data-element_type=\"widget\" data-widget_type=\"heading.default\">\n\t\t\t\t\t<h2 class=\"elementor-heading-title elementor-size-default\">entre les gens de la terre et ceux de la mer<\/h2>\t\t\t\t<\/div>\n\t\t\t\t<div class=\"elementor-element elementor-element-70b139a elementor-widget elementor-widget-spacer\" data-id=\"70b139a\" data-element_type=\"widget\" data-widget_type=\"spacer.default\">\n\t\t\t\t\t\t\t<div class=\"elementor-spacer\">\n\t\t\t<div class=\"elementor-spacer-inner\"><\/div>\n\t\t<\/div>\n\t\t\t\t\t\t<\/div>\n\t\t\t\t<div class=\"elementor-element elementor-element-482fdc3 elementor-widget elementor-widget-image\" data-id=\"482fdc3\" data-element_type=\"widget\" data-widget_type=\"image.default\">\n\t\t\t\t\t\t\t\t\t\t\t\t\t\t\t<img fetchpriority=\"high\" decoding=\"async\" width=\"800\" height=\"566\" src=\"https:\/\/www.amicale-meriteagricole76.org\/wp-content\/uploads\/2026\/01\/AG-2022-photo-1024x724.png\" class=\"attachment-large size-large wp-image-713\" alt=\"\" srcset=\"https:\/\/www.amicale-meriteagricole76.org\/wp-content\/uploads\/2026\/01\/AG-2022-photo-1024x724.png 1024w, https:\/\/www.amicale-meriteagricole76.org\/wp-content\/uploads\/2026\/01\/AG-2022-photo-300x212.png 300w, https:\/\/www.amicale-meriteagricole76.org\/wp-content\/uploads\/2026\/01\/AG-2022-photo-768x543.png 768w, https:\/\/www.amicale-meriteagricole76.org\/wp-content\/uploads\/2026\/01\/AG-2022-photo-1536x1086.png 1536w, https:\/\/www.amicale-meriteagricole76.org\/wp-content\/uploads\/2026\/01\/AG-2022-photo-2048x1448.png 2048w\" sizes=\"(max-width: 800px) 100vw, 800px\" \/>\t\t\t\t\t\t\t\t\t\t\t\t\t\t\t<\/div>\n\t\t\t\t<div class=\"elementor-element elementor-element-abe031e elementor-widget elementor-widget-heading\" data-id=\"abe031e\" data-element_type=\"widget\" data-widget_type=\"heading.default\">\n\t\t\t\t\t<h3 class=\"elementor-heading-title elementor-size-default\">L'amiral Charles-Henri du Ch\u00e9, ex-pr\u00e9fet maritime de la M\u00e9diterran\u00e9e, a pr\u00e9sent\u00e9 cette mer aux d\u00e9cor\u00e9s du M\u00e9rite agricole de Seine-Maritime<\/h3>\t\t\t\t<\/div>\n\t\t\t\t<div class=\"elementor-element elementor-element-b61bcc3 elementor-widget elementor-widget-text-editor\" data-id=\"b61bcc3\" data-element_type=\"widget\" data-widget_type=\"text-editor.default\">\n\t\t\t\t\t\t\t\t\t<p>Samedi 19\u00a0novembre 2022, \u00e0 l&#8217;occasion de l&#8217;assembl\u00e9e g\u00e9n\u00e9rale de l&#8217;Amicale des d\u00e9cor\u00e9s du M\u00e9rite agricole de Seine-Maritime, Nicole Lavie, pr\u00e9sidente, le capitaine de vaisseau Fr\u00e9d\u00e9ric Janci, commandant de la Marine du\u00a0Havre et les m\u00e9daill\u00e9s ont assist\u00e9 \u00e0 une conf\u00e9rence anim\u00e9e par l&#8217;amiral Charles-Henri du Ch\u00e9, ex-pr\u00e9fet maritime de la M\u00e9diterran\u00e9e et commandant en chef pour la M\u00e9diterran\u00e9e. Soixante-dix m\u00e9daill\u00e9s et sympathisants \u00e9taient r\u00e9unis dans la salle des \u00c9tats, haut lieu historique et prestigieux situ\u00e9 au sein du palais archi\u00e9piscopal de Rouen. Le th\u00e8me de la conf\u00e9rence portait sur &#8220;les enjeux maritimes pour nourrir les populations, l&#8217;exemple de la M\u00e9diterran\u00e9e&#8221;.<\/p>\t\t\t\t\t\t\t\t<\/div>\n\t\t\t\t\t<\/div>\n\t\t\t\t<\/div>\n\t\t<div class=\"elementor-element elementor-element-3daec40 e-flex e-con-boxed e-con e-parent\" data-id=\"3daec40\" data-element_type=\"container\" data-settings=\"{&quot;background_background&quot;:&quot;classic&quot;}\">\n\t\t\t\t\t<div class=\"e-con-inner\">\n\t\t<div class=\"elementor-element elementor-element-02bae96 e-con-full e-flex e-con e-child\" data-id=\"02bae96\" data-element_type=\"container\">\n\t\t\t\t<div class=\"elementor-element elementor-element-8978acc elementor-widget elementor-widget-heading\" data-id=\"8978acc\" data-element_type=\"widget\" data-widget_type=\"heading.default\">\n\t\t\t\t\t<h3 class=\"elementor-heading-title elementor-size-default\">L'esprit d'\u00e9quipage rejoint celui de la fraternit\u00e9<\/h3>\t\t\t\t<\/div>\n\t\t\t\t<div class=\"elementor-element elementor-element-66d1a79 elementor-widget elementor-widget-text-editor\" data-id=\"66d1a79\" data-element_type=\"widget\" data-widget_type=\"text-editor.default\">\n\t\t\t\t\t\t\t\t\t<p>En pr\u00e9ambule, la pr\u00e9sidente, \u00e9pouse du regrett\u00e9 Jean Lavie (qui a \u00e9t\u00e9 pr\u00e9sident de l&#8217;association), a tenu \u00e0 pr\u00e9ciser que l&#8217;amicale cultivait les valeurs de fraternit\u00e9 et de solidarit\u00e9\u2009: mieux se conna\u00eetre et de s&#8217;appr\u00e9cier, d&#8217;organiser des conf\u00e9rences, des sorties culturelles autour de la passion commune pour l&#8217;agriculture et la p\u00eache et promouvoir ainsi le rayonnement de l&#8217;entraide et l&#8217;assistance \u00e0 nos membres parfois victimes de la solitude, de la maladie ou de la g\u00eane mat\u00e9rielle.<br \/><br \/>Depuis l&#8217;arriv\u00e9e en 2019 du capitaine de vaisseau Fr\u00e9d\u00e9ric Janci, un partenariat avec la Marine nationale s&#8217;est mis en place. Venant de Toulon, le marin se r\u00e9jouit \u00e0 dire qu&#8217;il compare le pays de Caux \u00e0 la Toscane sans ses mimosas et ses cypr\u00e8s. Sa mission est avant tout de parler de la mer aux jeunes Cauchois vivant \u00e0 la campagne et pas uniquement \u00e0 ceux du littoral. L&#8217;esprit d&#8217;\u00e9quipage rejoint celui de la fraternit\u00e9 quelles que soient les origines de chacun. La pr\u00e9sence de l&#8217;amiral Charles-Henri du Ch\u00e9 en est un bel exemple. Ce militaire \u00e9toil\u00e9 a confort\u00e9 par la th\u00e9matique de sa conf\u00e9rence ce lien si fort entre les gens de la terre et de la mer qui caract\u00e9rise si bien la France.<\/p>\t\t\t\t\t\t\t\t<\/div>\n\t\t\t\t<\/div>\n\t\t<div class=\"elementor-element elementor-element-c67490b e-con-full e-flex e-con e-child\" data-id=\"c67490b\" data-element_type=\"container\" data-settings=\"{&quot;background_background&quot;:&quot;slideshow&quot;,&quot;background_slideshow_gallery&quot;:[{&quot;id&quot;:594,&quot;url&quot;:&quot;http:\\\/\\\/www.amicale-meriteagricole76.org\\\/wp-content\\\/uploads\\\/2026\\\/01\\\/equipage-scaled.png&quot;}],&quot;background_slideshow_loop&quot;:&quot;yes&quot;,&quot;background_slideshow_slide_duration&quot;:5000,&quot;background_slideshow_slide_transition&quot;:&quot;fade&quot;,&quot;background_slideshow_transition_duration&quot;:500}\">\n\t\t\t\t<\/div>\n\t\t\t\t\t<\/div>\n\t\t\t\t<\/div>\n\t\t<div class=\"elementor-element elementor-element-4c551f8 e-flex e-con-boxed e-con e-parent\" data-id=\"4c551f8\" data-element_type=\"container\">\n\t\t\t\t\t<div class=\"e-con-inner\">\n\t\t\t\t<div class=\"elementor-element elementor-element-1ae0c01 elementor-widget elementor-widget-heading\" data-id=\"1ae0c01\" data-element_type=\"widget\" data-widget_type=\"heading.default\">\n\t\t\t\t\t<h3 class=\"elementor-heading-title elementor-size-default\">Les c\u00e9r\u00e9ales, produits embl\u00e9matiques, sont devenues un enjeu politique majeur<\/h3>\t\t\t\t<\/div>\n\t\t\t\t<div class=\"elementor-element elementor-element-49c46ac elementor-widget elementor-widget-text-editor\" data-id=\"49c46ac\" data-element_type=\"widget\" data-widget_type=\"text-editor.default\">\n\t\t\t\t\t\t\t\t\t<p>L&#8217;amiral aujourd&#8217;hui conseiller d\u00e9fense chez ArianeGroup a d&#8217;abord rappel\u00e9 les fonctions du pr\u00e9fet maritime \u00e0 savoir repr\u00e9senter l&#8217;Etat et coordonner les services de ce dernier qui \u0153uvrent en mer. En tant que commandant en chef, le pr\u00e9fet maritime de la zone M\u00e9diterran\u00e9e se doit de tout mettre en \u0153uvre afin de permettre la poursuite du trafic maritime dans cette mer qui voit passer 25\u00a0% du trafic maritime mondial, 30\u00a0% du trafic d&#8217;hydrocarbure et 10\u00a0% du trafic de conteneurs. La densit\u00e9 de bateaux est tr\u00e8s sup\u00e9rieure \u00e0 la moyenne. Cette mer semi-ferm\u00e9e est \u00e0 la merci des d\u00e9troits de Gibraltar, du Canal de Suez et du Bosphore. La Marine fran\u00e7aise est pr\u00e9sente dans cette mer et ailleurs pour faire face aux diff\u00e9rents trafics en tout genre qui pourraient s&#8217;y d\u00e9rouler.<br \/><br \/>L&#8217;amiral a poursuivi sa conf\u00e9rence en sensibilisant son auditoire sur la diplomatie du Bl\u00e9 avec cette mer qui est un carrefour commercial strat\u00e9gique, un carrefour de civilisation et dont il est possible de rejoindre tr\u00e8s vite le nord et le sud en moins de 4\u00a0heures en bateau. La M\u00e9diterran\u00e9e est le berceau de l&#8217;\u00e9levage et de l&#8217;agriculture. Les c\u00e9r\u00e9ales, produits embl\u00e9matiques en M\u00e9diterran\u00e9e, sont devenues un enjeu politique majeur. C&#8217;est une culture extr\u00eamement importante pour tous les riverains de cette mer. Le d\u00e9r\u00e8glement climatique, les difficult\u00e9s de production ainsi que la croissance des populations rendent depuis 50 ans les pays de Sud et de l&#8217;est-m\u00e9diterran\u00e9en structurellement importateurs nets de c\u00e9r\u00e9ales. Le Liban importe 3 fois plus de bl\u00e9 qu&#8217;il y a 10 ans (1,5 MT) dont la moiti\u00e9 de Russie. L&#8217;acte de solidarit\u00e9 de la France envoyant au Liban 500 T de bl\u00e9 avec l&#8217;aide de la Marine nationale, apr\u00e8s l&#8217;explosion des silos \u00e0 Beyrouth a \u00e9t\u00e9 per\u00e7u comme un geste essentiel. Depuis 2019, la Russie est devenue le premier exportateur mondial de c\u00e9r\u00e9ales. La France, cinqui\u00e8me producteur mondial, est en train de perdre sa place vis-\u00e0-vis du Maghreb au profit de la Russie et de L&#8217;Ukraine. Les trois premiers importateurs mondiaux (L&#8217;Egypte, l&#8217;Indon\u00e9sie et l&#8217;Alg\u00e9rie) forment un v\u00e9ritable hub nord-africain. La guerre en Ukraine rebat un peu les cartes mais une strat\u00e9gie globale de la France et L&#8217;Europe vis-\u00e0-vis de leurs partenaires du Sud est essentielle pour s\u00e9curiser les approvisionnements et renforcer la coop\u00e9ration. Une famine au Sud aurait des cons\u00e9quences dramatiques (instabilit\u00e9, terrorisme, vagues d&#8217;immigration\u2026 ).<br \/><br \/>Le r\u00f4le de la Marine est justement de conna\u00eetre, comprendre et anticiper en tenant la mer et en voyant les responsables des marines souveraines. Soutenir et prot\u00e9ger les int\u00e9r\u00eats fran\u00e7ais, combattre les trafics, faire respecter le pavillon fran\u00e7ais, s&#8217;entra\u00eener pour intervenir dans les op\u00e9rations de haute intensit\u00e9 sont quelques-unes de ses missions en M\u00e9diterran\u00e9e.<\/p>\t\t\t\t\t\t\t\t<\/div>\n\t\t\t\t\t<\/div>\n\t\t\t\t<\/div>\n\t\t\t\t<\/div>\n\t\t","protected":false},"excerpt":{"rendered":"<p>19 NOVEMBRE 2022 Assembl\u00e9e g\u00e9n\u00e9rale du M\u00e9rite Agricole : entre les gens de la terre et ceux de la mer L&#8217;amiral Charles-Henri du Ch\u00e9, ex-pr\u00e9fet maritime de la M\u00e9diterran\u00e9e, a pr\u00e9sent\u00e9 cette mer aux d\u00e9cor\u00e9s du M\u00e9rite agricole de Seine-Maritime Samedi 19\u00a0novembre 2022, \u00e0 l&#8217;occasion de l&#8217;assembl\u00e9e g\u00e9n\u00e9rale de l&#8217;Amicale des d\u00e9cor\u00e9s du M\u00e9rite agricole [&hellip;]<\/p>\n","protected":false},"author":1,"featured_media":0,"parent":0,"menu_order":0,"comment_status":"closed","ping_status":"closed","template":"","meta":{"footnotes":""},"class_list":["post-564","page","type-page","status-publish","hentry"],"_links":{"self":[{"href":"https:\/\/www.amicale-meriteagricole76.org\/index.php\/wp-json\/wp\/v2\/pages\/564","targetHints":{"allow":["GET"]}}],"collection":[{"href":"https:\/\/www.amicale-meriteagricole76.org\/index.php\/wp-json\/wp\/v2\/pages"}],"about":[{"href":"https:\/\/www.amicale-meriteagricole76.org\/index.php\/wp-json\/wp\/v2\/types\/page"}],"author":[{"embeddable":true,"href":"https:\/\/www.amicale-meriteagricole76.org\/index.php\/wp-json\/wp\/v2\/users\/1"}],"replies":[{"embeddable":true,"href":"https:\/\/www.amicale-meriteagricole76.org\/index.php\/wp-json\/wp\/v2\/comments?post=564"}],"version-history":[{"count":46,"href":"https:\/\/www.amicale-meriteagricole76.org\/index.php\/wp-json\/wp\/v2\/pages\/564\/revisions"}],"predecessor-version":[{"id":746,"href":"https:\/\/www.amicale-meriteagricole76.org\/index.php\/wp-json\/wp\/v2\/pages\/564\/revisions\/746"}],"wp:attachment":[{"href":"https:\/\/www.amicale-meriteagricole76.org\/index.php\/wp-json\/wp\/v2\/media?parent=564"}],"curies":[{"name":"wp","href":"https:\/\/api.w.org\/{rel}","templated":true}]}}