{"id":53,"date":"2025-11-17T18:30:10","date_gmt":"2025-11-17T18:30:10","guid":{"rendered":"https:\/\/www.amicale-meriteagricole76.org\/?page_id=53"},"modified":"2026-04-05T06:32:32","modified_gmt":"2026-04-05T06:32:32","slug":"nos-actualites","status":"publish","type":"page","link":"https:\/\/www.amicale-meriteagricole76.org\/index.php\/nos-actualites\/","title":{"rendered":"Nos Actualit\u00e9s"},"content":{"rendered":"\t\t<div data-elementor-type=\"wp-page\" data-elementor-id=\"53\" class=\"elementor elementor-53\" data-elementor-post-type=\"page\">\n\t\t\t\t<div class=\"elementor-element elementor-element-29f722d e-flex e-con-boxed e-con e-parent\" data-id=\"29f722d\" data-element_type=\"container\" data-settings=\"{&quot;background_background&quot;:&quot;slideshow&quot;,&quot;background_slideshow_gallery&quot;:[{&quot;id&quot;:224,&quot;url&quot;:&quot;http:\\\/\\\/www.amicale-meriteagricole76.org\\\/wp-content\\\/uploads\\\/2025\\\/11\\\/Img_Categorie_Actualite.png&quot;}],&quot;background_slideshow_loop&quot;:&quot;yes&quot;,&quot;background_slideshow_slide_duration&quot;:5000,&quot;background_slideshow_slide_transition&quot;:&quot;fade&quot;,&quot;background_slideshow_transition_duration&quot;:500}\">\n\t\t\t\t\t<div class=\"e-con-inner\">\n\t\t\t\t<div class=\"elementor-element elementor-element-780fce2 elementor-widget elementor-widget-heading\" data-id=\"780fce2\" data-element_type=\"widget\" data-widget_type=\"heading.default\">\n\t\t\t\t\t<h2 class=\"elementor-heading-title elementor-size-default\">Nos Actualit\u00e9s<\/h2>\t\t\t\t<\/div>\n\t\t\t\t\t<\/div>\n\t\t\t\t<\/div>\n\t\t<div class=\"elementor-element elementor-element-f7c202d e-flex e-con-boxed e-con e-parent\" data-id=\"f7c202d\" data-element_type=\"container\">\n\t\t\t\t\t<div class=\"e-con-inner\">\n\t\t<div class=\"elementor-element elementor-element-2ad04c3 e-con-full e-flex e-con e-child\" data-id=\"2ad04c3\" data-element_type=\"container\">\n\t\t\t\t<div class=\"elementor-element elementor-element-4aef1b2 elementor-widget elementor-widget-image\" data-id=\"4aef1b2\" data-element_type=\"widget\" data-widget_type=\"image.default\">\n\t\t\t\t\t\t\t\t\t\t\t\t\t\t\t\t<a href=\"https:\/\/www.amicale-meriteagricole76.org\/index.php\/article-foire-concours-docteville-sur-mer\/\">\n\t\t\t\t\t\t\t<img fetchpriority=\"high\" decoding=\"async\" width=\"717\" height=\"496\" src=\"https:\/\/www.amicale-meriteagricole76.org\/wp-content\/uploads\/2026\/04\/Vignette2_Foire.png\" class=\"attachment-large size-large wp-image-1014\" alt=\"\" srcset=\"https:\/\/www.amicale-meriteagricole76.org\/wp-content\/uploads\/2026\/04\/Vignette2_Foire.png 717w, https:\/\/www.amicale-meriteagricole76.org\/wp-content\/uploads\/2026\/04\/Vignette2_Foire-300x208.png 300w\" sizes=\"(max-width: 717px) 100vw, 717px\" \/>\t\t\t\t\t\t\t\t<\/a>\n\t\t\t\t\t\t\t\t\t\t\t\t\t\t\t<\/div>\n\t\t\t\t<\/div>\n\t\t<div class=\"elementor-element elementor-element-418f2af e-con-full e-flex e-con e-child\" data-id=\"418f2af\" data-element_type=\"container\">\n\t\t<div class=\"elementor-element elementor-element-b1fd1cb e-con-full e-flex e-con e-child\" data-id=\"b1fd1cb\" data-element_type=\"container\">\n\t\t\t\t<div class=\"elementor-element elementor-element-071536d elementor-widget__width-initial elementor-widget-mobile__width-auto elementor-widget elementor-widget-heading\" data-id=\"071536d\" data-element_type=\"widget\" data-widget_type=\"heading.default\">\n\t\t\t\t\t<h2 class=\"elementor-heading-title elementor-size-default\">7 MARS 2026<\/h2>\t\t\t\t<\/div>\n\t\t\t\t<div class=\"elementor-element elementor-element-a93a5d6 elementor-widget-mobile__width-initial elementor-widget-divider--view-line elementor-widget elementor-widget-divider\" data-id=\"a93a5d6\" data-element_type=\"widget\" data-widget_type=\"divider.default\">\n\t\t\t\t\t\t\t<div class=\"elementor-divider\">\n\t\t\t<span class=\"elementor-divider-separator\">\n\t\t\t\t\t\t<\/span>\n\t\t<\/div>\n\t\t\t\t\t\t<\/div>\n\t\t\t\t<\/div>\n\t\t<div class=\"elementor-element elementor-element-7384070 e-con-full e-flex e-con e-child\" data-id=\"7384070\" data-element_type=\"container\">\n\t\t\t\t<div class=\"elementor-element elementor-element-c8fa45c elementor-widget elementor-widget-heading\" data-id=\"c8fa45c\" data-element_type=\"widget\" data-widget_type=\"heading.default\">\n\t\t\t\t\t<h2 class=\"elementor-heading-title elementor-size-default\">Un animal d\u2019exception \u00e0 l\u2019honneur<\/h2>\t\t\t\t<\/div>\n\t\t\t\t<div class=\"elementor-element elementor-element-6215177 elementor-widget__width-initial elementor-widget elementor-widget-heading\" data-id=\"6215177\" data-element_type=\"widget\" data-widget_type=\"heading.default\">\n\t\t\t\t\t<h2 class=\"elementor-heading-title elementor-size-default\"> \u00e0 la Foire d\u2019Octeville-sur-Mer<\/h2>\t\t\t\t<\/div>\n\t\t\t\t<\/div>\n\t\t\t\t<div class=\"elementor-element elementor-element-5feb60c elementor-widget elementor-widget-text-editor\" data-id=\"5feb60c\" data-element_type=\"widget\" data-widget_type=\"text-editor.default\">\n\t\t\t\t\t\t\t\t\t<p><span style=\"font-weight: 400;\">\u00c0 l\u2019occasion de la 167<\/span><span style=\"font-weight: 400;\">\u1d49<\/span><span style=\"font-weight: 400;\"> Foire- Concours aux animaux organis\u00e9e samedi 7 mars 2026 sur la place Pierre Leprevost \u00e0 Octeville-sur-Mer, l\u2019Amicale des D\u00e9cor\u00e9s du M\u00e9rite Agricole de Seine-Maritime a remis un Prix sp\u00e9cial de \u00ab l\u2019animal d\u2019\u00e9levage d\u2019exception \u00bb.<\/span><\/p><p>\u00a0<\/p><p><span style=\"font-weight: 400;\">Cette traditionnelle foire aux bestiaux, tr\u00e8s attendue par les \u00e9leveurs et les amateurs du monde agricole, a rassembl\u00e9 pr\u00e8s de 200 animaux pr\u00e9sent\u00e9s au public et au jury&#8230;<\/span><\/p>\t\t\t\t\t\t\t\t<\/div>\n\t\t\t\t<div class=\"elementor-element elementor-element-49f4d5a elementor-widget elementor-widget-text-editor\" data-id=\"49f4d5a\" data-element_type=\"widget\" data-widget_type=\"text-editor.default\">\n\t\t\t\t\t\t\t\t\t<p><a href=\"https:\/\/www.amicale-meriteagricole76.org\/index.php\/article-foire-concours-docteville-sur-mer\/\"><span style=\"text-decoration: underline;\">En lire plus \u2192<\/span><\/a><\/p>\t\t\t\t\t\t\t\t<\/div>\n\t\t\t\t<\/div>\n\t\t\t\t\t<\/div>\n\t\t\t\t<\/div>\n\t\t<div class=\"elementor-element elementor-element-8f333b9 e-flex e-con-boxed e-con e-parent\" data-id=\"8f333b9\" data-element_type=\"container\">\n\t\t\t\t\t<div class=\"e-con-inner\">\n\t\t<div class=\"elementor-element elementor-element-bce3283 e-con-full e-flex e-con e-child\" data-id=\"bce3283\" data-element_type=\"container\">\n\t\t<div class=\"elementor-element elementor-element-b822545 e-con-full e-flex e-con e-child\" data-id=\"b822545\" data-element_type=\"container\">\n\t\t\t\t<div class=\"elementor-element elementor-element-5d2358a elementor-widget__width-initial elementor-widget elementor-widget-heading\" data-id=\"5d2358a\" data-element_type=\"widget\" data-widget_type=\"heading.default\">\n\t\t\t\t\t<h2 class=\"elementor-heading-title elementor-size-default\">26 JUIN 2025<\/h2>\t\t\t\t<\/div>\n\t\t\t\t<div class=\"elementor-element elementor-element-f68878f elementor-widget-mobile__width-initial elementor-widget-divider--view-line elementor-widget elementor-widget-divider\" data-id=\"f68878f\" data-element_type=\"widget\" data-widget_type=\"divider.default\">\n\t\t\t\t\t\t\t<div class=\"elementor-divider\">\n\t\t\t<span class=\"elementor-divider-separator\">\n\t\t\t\t\t\t<\/span>\n\t\t<\/div>\n\t\t\t\t\t\t<\/div>\n\t\t\t\t<\/div>\n\t\t\t\t<div class=\"elementor-element elementor-element-f046e42 elementor-widget elementor-widget-image\" data-id=\"f046e42\" data-element_type=\"widget\" data-widget_type=\"image.default\">\n\t\t\t\t\t\t\t\t\t\t\t\t\t\t\t\t<a href=\"https:\/\/www.amicale-meriteagricole76.org\/index.php\/article-visite-de-la-bergerie-nationale-et-du-chateau-de-rambouillet\/\">\n\t\t\t\t\t\t\t<img decoding=\"async\" width=\"800\" height=\"665\" src=\"https:\/\/www.amicale-meriteagricole76.org\/wp-content\/uploads\/2026\/01\/Article_20250626-1024x851.png\" class=\"attachment-large size-large wp-image-919\" alt=\"\" srcset=\"https:\/\/www.amicale-meriteagricole76.org\/wp-content\/uploads\/2026\/01\/Article_20250626-1024x851.png 1024w, https:\/\/www.amicale-meriteagricole76.org\/wp-content\/uploads\/2026\/01\/Article_20250626-300x249.png 300w, https:\/\/www.amicale-meriteagricole76.org\/wp-content\/uploads\/2026\/01\/Article_20250626-768x638.png 768w, https:\/\/www.amicale-meriteagricole76.org\/wp-content\/uploads\/2026\/01\/Article_20250626-1536x1277.png 1536w, https:\/\/www.amicale-meriteagricole76.org\/wp-content\/uploads\/2026\/01\/Article_20250626.png 1896w\" sizes=\"(max-width: 800px) 100vw, 800px\" \/>\t\t\t\t\t\t\t\t<\/a>\n\t\t\t\t\t\t\t\t\t\t\t\t\t\t\t<\/div>\n\t\t\t\t<div class=\"elementor-element elementor-element-7e0d113 elementor-widget elementor-widget-heading\" data-id=\"7e0d113\" data-element_type=\"widget\" data-widget_type=\"heading.default\">\n\t\t\t\t\t<h3 class=\"elementor-heading-title elementor-size-default\">Visite de la Bergerie nationale et du ch\u00e2teau de Rambouillet<\/h3>\t\t\t\t<\/div>\n\t\t\t\t<div class=\"elementor-element elementor-element-7ed666b elementor-widget elementor-widget-text-editor\" data-id=\"7ed666b\" data-element_type=\"widget\" data-widget_type=\"text-editor.default\">\n\t\t\t\t\t\t\t\t\t<p>Dans le cadre de ses actions, l\u2019Amicale du M\u00e9rite agricole de Seine-Maritime a organis\u00e9 une visite de la Bergerie nationale et du ch\u00e2teau de Rambouillet&#8230;<\/p>\t\t\t\t\t\t\t\t<\/div>\n\t\t\t\t<div class=\"elementor-element elementor-element-126258e elementor-widget elementor-widget-text-editor\" data-id=\"126258e\" data-element_type=\"widget\" data-widget_type=\"text-editor.default\">\n\t\t\t\t\t\t\t\t\t<p><a href=\"https:\/\/www.amicale-meriteagricole76.org\/index.php\/article-visite-de-la-bergerie-nationale-et-du-chateau-de-rambouillet\/\"><span style=\"text-decoration: underline;\">En lire plus \u2192<\/span><\/a><\/p>\t\t\t\t\t\t\t\t<\/div>\n\t\t\t\t<\/div>\n\t\t<div class=\"elementor-element elementor-element-f226d7e e-con-full e-flex e-con e-child\" data-id=\"f226d7e\" data-element_type=\"container\">\n\t\t<div class=\"elementor-element elementor-element-73e3198 e-con-full e-flex e-con e-child\" data-id=\"73e3198\" data-element_type=\"container\">\n\t\t\t\t<div class=\"elementor-element elementor-element-93beece elementor-widget__width-initial elementor-widget elementor-widget-heading\" data-id=\"93beece\" data-element_type=\"widget\" data-widget_type=\"heading.default\">\n\t\t\t\t\t<h2 class=\"elementor-heading-title elementor-size-default\">9 MAI 2025<\/h2>\t\t\t\t<\/div>\n\t\t\t\t<div class=\"elementor-element elementor-element-5f01758 elementor-widget-mobile__width-initial elementor-widget-divider--view-line elementor-widget elementor-widget-divider\" data-id=\"5f01758\" data-element_type=\"widget\" data-widget_type=\"divider.default\">\n\t\t\t\t\t\t\t<div class=\"elementor-divider\">\n\t\t\t<span class=\"elementor-divider-separator\">\n\t\t\t\t\t\t<\/span>\n\t\t<\/div>\n\t\t\t\t\t\t<\/div>\n\t\t\t\t<\/div>\n\t\t\t\t<div class=\"elementor-element elementor-element-fae78ab elementor-widget elementor-widget-image\" data-id=\"fae78ab\" data-element_type=\"widget\" data-widget_type=\"image.default\">\n\t\t\t\t\t\t\t\t\t\t\t\t\t\t\t\t<a href=\"https:\/\/www.amicale-meriteagricole76.org\/index.php\/article-assemblee-generale-2025\/\">\n\t\t\t\t\t\t\t<img decoding=\"async\" width=\"800\" height=\"665\" src=\"https:\/\/www.amicale-meriteagricole76.org\/wp-content\/uploads\/2026\/01\/AG_2025-1024x851.png\" class=\"attachment-large size-large wp-image-830\" alt=\"\" srcset=\"https:\/\/www.amicale-meriteagricole76.org\/wp-content\/uploads\/2026\/01\/AG_2025-1024x851.png 1024w, https:\/\/www.amicale-meriteagricole76.org\/wp-content\/uploads\/2026\/01\/AG_2025-300x249.png 300w, https:\/\/www.amicale-meriteagricole76.org\/wp-content\/uploads\/2026\/01\/AG_2025-768x638.png 768w, https:\/\/www.amicale-meriteagricole76.org\/wp-content\/uploads\/2026\/01\/AG_2025-1536x1277.png 1536w, https:\/\/www.amicale-meriteagricole76.org\/wp-content\/uploads\/2026\/01\/AG_2025.png 1896w\" sizes=\"(max-width: 800px) 100vw, 800px\" \/>\t\t\t\t\t\t\t\t<\/a>\n\t\t\t\t\t\t\t\t\t\t\t\t\t\t\t<\/div>\n\t\t\t\t<div class=\"elementor-element elementor-element-474eac4 elementor-widget elementor-widget-heading\" data-id=\"474eac4\" data-element_type=\"widget\" data-widget_type=\"heading.default\">\n\t\t\t\t\t<h3 class=\"elementor-heading-title elementor-size-default\">Plus de 40 ans au service de la promotion du monde agricole<\/h3>\t\t\t\t<\/div>\n\t\t\t\t<div class=\"elementor-element elementor-element-098d215 elementor-widget elementor-widget-text-editor\" data-id=\"098d215\" data-element_type=\"widget\" data-widget_type=\"text-editor.default\">\n\t\t\t\t\t\t\t\t\t<p><span style=\"font-weight: 400;\">L\u2019amicale des d\u00e9cor\u00e9s du M\u00e9rite Agricole de Seine-Maritime, fond\u00e9e en 1981, regroupant des cauchois distingu\u00e9s dans l\u2019Ordre du M\u00e9rite Agricole&#8230;<\/span><\/p>\t\t\t\t\t\t\t\t<\/div>\n\t\t\t\t<div class=\"elementor-element elementor-element-de307e1 elementor-widget elementor-widget-text-editor\" data-id=\"de307e1\" data-element_type=\"widget\" data-widget_type=\"text-editor.default\">\n\t\t\t\t\t\t\t\t\t<p><a href=\"https:\/\/www.amicale-meriteagricole76.org\/index.php\/article-assemblee-generale-2025\/\"><span style=\"text-decoration: underline;\">En lire plus \u2192<\/span><\/a><\/p>\t\t\t\t\t\t\t\t<\/div>\n\t\t\t\t<\/div>\n\t\t<div class=\"elementor-element elementor-element-73db461 e-con-full e-flex e-con e-child\" data-id=\"73db461\" data-element_type=\"container\">\n\t\t\t\t<div class=\"elementor-element elementor-element-3a9d5eb elementor-widget elementor-widget-text-editor\" data-id=\"3a9d5eb\" data-element_type=\"widget\" data-widget_type=\"text-editor.default\">\n\t\t\t\t\t\t\t\t\t<p><a href=\"https:\/\/www.amicale-meriteagricole76.org\/index.php\/article-promenade-au-chateau\/\"><span style=\"text-decoration: underline;\">En lire plus \u2192<\/span><\/a><\/p>\t\t\t\t\t\t\t\t<\/div>\n\t\t\t\t<div class=\"elementor-element elementor-element-cdf6dfc elementor-widget elementor-widget-text-editor\" data-id=\"cdf6dfc\" data-element_type=\"widget\" data-widget_type=\"text-editor.default\">\n\t\t\t\t\t\t\t\t\t<p>Le samedi 1er juin 2024, nous avons eu la joie de nous retrouver quelques jours avant de f\u00eate l\u2019\u00e9t\u00e9. Tr\u00e8s agr\u00e9able journ\u00e9e organis\u00e9e par Madame Jo\u00eblle PESSY.<\/p>\t\t\t\t\t\t\t\t<\/div>\n\t\t\t\t<div class=\"elementor-element elementor-element-db12394 elementor-widget elementor-widget-heading\" data-id=\"db12394\" data-element_type=\"widget\" data-widget_type=\"heading.default\">\n\t\t\t\t\t<h3 class=\"elementor-heading-title elementor-size-default\">Promenade au ch\u00e2teau de ROYVILLE du 1er juin 2024<\/h3>\t\t\t\t<\/div>\n\t\t\t\t<div class=\"elementor-element elementor-element-f90f619 elementor-widget elementor-widget-image\" data-id=\"f90f619\" data-element_type=\"widget\" data-widget_type=\"image.default\">\n\t\t\t\t\t\t\t\t\t\t\t\t\t\t\t\t<a href=\"https:\/\/www.amicale-meriteagricole76.org\/index.php\/article-promenade-au-chateau\/\">\n\t\t\t\t\t\t\t<img loading=\"lazy\" decoding=\"async\" width=\"800\" height=\"665\" src=\"https:\/\/www.amicale-meriteagricole76.org\/wp-content\/uploads\/2026\/01\/AG2024-1024x851.png\" class=\"attachment-large size-large wp-image-723\" alt=\"\" srcset=\"https:\/\/www.amicale-meriteagricole76.org\/wp-content\/uploads\/2026\/01\/AG2024-1024x851.png 1024w, https:\/\/www.amicale-meriteagricole76.org\/wp-content\/uploads\/2026\/01\/AG2024-300x249.png 300w, https:\/\/www.amicale-meriteagricole76.org\/wp-content\/uploads\/2026\/01\/AG2024-768x638.png 768w, https:\/\/www.amicale-meriteagricole76.org\/wp-content\/uploads\/2026\/01\/AG2024-1536x1277.png 1536w, https:\/\/www.amicale-meriteagricole76.org\/wp-content\/uploads\/2026\/01\/AG2024.png 1896w\" sizes=\"(max-width: 800px) 100vw, 800px\" \/>\t\t\t\t\t\t\t\t<\/a>\n\t\t\t\t\t\t\t\t\t\t\t\t\t\t\t<\/div>\n\t\t<div class=\"elementor-element elementor-element-50dbc41 e-con-full e-flex e-con e-child\" data-id=\"50dbc41\" data-element_type=\"container\">\n\t\t\t\t<div class=\"elementor-element elementor-element-037156d elementor-widget__width-initial elementor-widget elementor-widget-heading\" data-id=\"037156d\" data-element_type=\"widget\" data-widget_type=\"heading.default\">\n\t\t\t\t\t<h2 class=\"elementor-heading-title elementor-size-default\">1ER JUIN 2024<\/h2>\t\t\t\t<\/div>\n\t\t\t\t<div class=\"elementor-element elementor-element-c5d2992 elementor-widget-mobile__width-initial elementor-widget-divider--view-line elementor-widget elementor-widget-divider\" data-id=\"c5d2992\" data-element_type=\"widget\" data-widget_type=\"divider.default\">\n\t\t\t\t\t\t\t<div class=\"elementor-divider\">\n\t\t\t<span class=\"elementor-divider-separator\">\n\t\t\t\t\t\t<\/span>\n\t\t<\/div>\n\t\t\t\t\t\t<\/div>\n\t\t\t\t<\/div>\n\t\t\t\t<\/div>\n\t\t\t\t\t<\/div>\n\t\t\t\t<\/div>\n\t\t<div class=\"elementor-element elementor-element-4ec1301 e-flex e-con-boxed e-con e-parent\" data-id=\"4ec1301\" data-element_type=\"container\">\n\t\t\t\t\t<div class=\"e-con-inner\">\n\t\t<div class=\"elementor-element elementor-element-72626d9 e-con-full e-flex e-con e-child\" data-id=\"72626d9\" data-element_type=\"container\">\n\t\t<div class=\"elementor-element elementor-element-ee7c4f6 e-con-full e-flex e-con e-child\" data-id=\"ee7c4f6\" data-element_type=\"container\">\n\t\t\t\t<div class=\"elementor-element elementor-element-b3e9643 elementor-widget__width-initial elementor-widget elementor-widget-heading\" data-id=\"b3e9643\" data-element_type=\"widget\" data-widget_type=\"heading.default\">\n\t\t\t\t\t<h2 class=\"elementor-heading-title elementor-size-default\">25 MARS 2023<\/h2>\t\t\t\t<\/div>\n\t\t\t\t<div class=\"elementor-element elementor-element-c246b00 elementor-widget-mobile__width-initial elementor-widget-divider--view-line elementor-widget elementor-widget-divider\" data-id=\"c246b00\" data-element_type=\"widget\" data-widget_type=\"divider.default\">\n\t\t\t\t\t\t\t<div class=\"elementor-divider\">\n\t\t\t<span class=\"elementor-divider-separator\">\n\t\t\t\t\t\t<\/span>\n\t\t<\/div>\n\t\t\t\t\t\t<\/div>\n\t\t\t\t<\/div>\n\t\t\t\t<div class=\"elementor-element elementor-element-b1f8579 elementor-widget elementor-widget-image\" data-id=\"b1f8579\" data-element_type=\"widget\" data-widget_type=\"image.default\">\n\t\t\t\t\t\t\t\t\t\t\t\t\t\t\t\t<a href=\"https:\/\/www.amicale-meriteagricole76.org\/index.php\/article-assemblee-generale-a-mesnil-panneville-2023\/\">\n\t\t\t\t\t\t\t<img loading=\"lazy\" decoding=\"async\" width=\"800\" height=\"665\" src=\"https:\/\/www.amicale-meriteagricole76.org\/wp-content\/uploads\/2026\/01\/AG_2023-1024x851.png\" class=\"attachment-large size-large wp-image-671\" alt=\"\" srcset=\"https:\/\/www.amicale-meriteagricole76.org\/wp-content\/uploads\/2026\/01\/AG_2023-1024x851.png 1024w, https:\/\/www.amicale-meriteagricole76.org\/wp-content\/uploads\/2026\/01\/AG_2023-300x249.png 300w, https:\/\/www.amicale-meriteagricole76.org\/wp-content\/uploads\/2026\/01\/AG_2023-768x638.png 768w, https:\/\/www.amicale-meriteagricole76.org\/wp-content\/uploads\/2026\/01\/AG_2023-1536x1277.png 1536w, https:\/\/www.amicale-meriteagricole76.org\/wp-content\/uploads\/2026\/01\/AG_2023.png 1896w\" sizes=\"(max-width: 800px) 100vw, 800px\" \/>\t\t\t\t\t\t\t\t<\/a>\n\t\t\t\t\t\t\t\t\t\t\t\t\t\t\t<\/div>\n\t\t\t\t<div class=\"elementor-element elementor-element-9b281c9 elementor-widget elementor-widget-heading\" data-id=\"9b281c9\" data-element_type=\"widget\" data-widget_type=\"heading.default\">\n\t\t\t\t\t<h3 class=\"elementor-heading-title elementor-size-default\">Assembl\u00e9e g\u00e9n\u00e9rale \u00e0 Mesnil Panneville 2023<\/h3>\t\t\t\t<\/div>\n\t\t\t\t<div class=\"elementor-element elementor-element-f888517 elementor-widget elementor-widget-text-editor\" data-id=\"f888517\" data-element_type=\"widget\" data-widget_type=\"text-editor.default\">\n\t\t\t\t\t\t\t\t\t<p>Agriculture &#8211; L\u2019Amicale des m\u00e9daill\u00e9s du m\u00e9rite agricole \u00e9tait r\u00e9unie fin mars. C\u2019\u00e9tait l\u2019occasion de<br \/>faire le point sur l\u2019\u00e9tat de sant\u00e9 du secteur.<\/p>\t\t\t\t\t\t\t\t<\/div>\n\t\t\t\t<div class=\"elementor-element elementor-element-98c50d8 elementor-widget elementor-widget-text-editor\" data-id=\"98c50d8\" data-element_type=\"widget\" data-widget_type=\"text-editor.default\">\n\t\t\t\t\t\t\t\t\t<p><a href=\"https:\/\/www.amicale-meriteagricole76.org\/index.php\/article-assemblee-generale-a-mesnil-panneville-2023\/\"><span style=\"text-decoration: underline;\">En lire plus \u2192<\/span><\/a><\/p>\t\t\t\t\t\t\t\t<\/div>\n\t\t\t\t<\/div>\n\t\t<div class=\"elementor-element elementor-element-48e1792 e-con-full e-flex e-con e-child\" data-id=\"48e1792\" data-element_type=\"container\">\n\t\t<div class=\"elementor-element elementor-element-023d44b e-con-full e-flex e-con e-child\" data-id=\"023d44b\" data-element_type=\"container\">\n\t\t\t\t<div class=\"elementor-element elementor-element-894be61 elementor-widget__width-initial elementor-widget elementor-widget-heading\" data-id=\"894be61\" data-element_type=\"widget\" data-widget_type=\"heading.default\">\n\t\t\t\t\t<h2 class=\"elementor-heading-title elementor-size-default\">19 NOVEMBRE 2022<\/h2>\t\t\t\t<\/div>\n\t\t\t\t<div class=\"elementor-element elementor-element-ebd634c elementor-widget-mobile__width-initial elementor-widget-divider--view-line elementor-widget elementor-widget-divider\" data-id=\"ebd634c\" data-element_type=\"widget\" data-widget_type=\"divider.default\">\n\t\t\t\t\t\t\t<div class=\"elementor-divider\">\n\t\t\t<span class=\"elementor-divider-separator\">\n\t\t\t\t\t\t<\/span>\n\t\t<\/div>\n\t\t\t\t\t\t<\/div>\n\t\t\t\t<\/div>\n\t\t\t\t<div class=\"elementor-element elementor-element-528d2e5 elementor-widget elementor-widget-image\" data-id=\"528d2e5\" data-element_type=\"widget\" data-widget_type=\"image.default\">\n\t\t\t\t\t\t\t\t\t\t\t\t\t\t\t\t<a href=\"https:\/\/www.amicale-meriteagricole76.org\/index.php\/article-merite-agricole-entre-les-gens-de-la-terre-et-ceux-de-la-mer\/\">\n\t\t\t\t\t\t\t<img loading=\"lazy\" decoding=\"async\" width=\"800\" height=\"665\" src=\"https:\/\/www.amicale-meriteagricole76.org\/wp-content\/uploads\/2026\/01\/AG2022-1024x851.png\" class=\"attachment-large size-large wp-image-724\" alt=\"\" srcset=\"https:\/\/www.amicale-meriteagricole76.org\/wp-content\/uploads\/2026\/01\/AG2022-1024x851.png 1024w, https:\/\/www.amicale-meriteagricole76.org\/wp-content\/uploads\/2026\/01\/AG2022-300x249.png 300w, https:\/\/www.amicale-meriteagricole76.org\/wp-content\/uploads\/2026\/01\/AG2022-768x638.png 768w, https:\/\/www.amicale-meriteagricole76.org\/wp-content\/uploads\/2026\/01\/AG2022-1536x1277.png 1536w, https:\/\/www.amicale-meriteagricole76.org\/wp-content\/uploads\/2026\/01\/AG2022.png 1896w\" sizes=\"(max-width: 800px) 100vw, 800px\" \/>\t\t\t\t\t\t\t\t<\/a>\n\t\t\t\t\t\t\t\t\t\t\t\t\t\t\t<\/div>\n\t\t\t\t<div class=\"elementor-element elementor-element-f238da0 elementor-widget elementor-widget-heading\" data-id=\"f238da0\" data-element_type=\"widget\" data-widget_type=\"heading.default\">\n\t\t\t\t\t<h3 class=\"elementor-heading-title elementor-size-default\">Assembl\u00e9e g\u00e9n\u00e9rale du M\u00e9rite agricole\u2009: entre les gens de la terre et ceux de la mer<\/h3>\t\t\t\t<\/div>\n\t\t\t\t<div class=\"elementor-element elementor-element-b9dc045 elementor-widget elementor-widget-text-editor\" data-id=\"b9dc045\" data-element_type=\"widget\" data-widget_type=\"text-editor.default\">\n\t\t\t\t\t\t\t\t\t<p>L&#8217;amiral Charles-Henri du Ch\u00e9, ex-pr\u00e9fet maritime de la M\u00e9diterran\u00e9e, a pr\u00e9sent\u00e9 cette mer aux d\u00e9cor\u00e9s du M\u00e9rite agricole de Seine-Maritime.<\/p>\t\t\t\t\t\t\t\t<\/div>\n\t\t\t\t<div class=\"elementor-element elementor-element-d09d477 elementor-widget elementor-widget-text-editor\" data-id=\"d09d477\" data-element_type=\"widget\" data-widget_type=\"text-editor.default\">\n\t\t\t\t\t\t\t\t\t<p><a href=\"https:\/\/www.amicale-meriteagricole76.org\/index.php\/article-merite-agricole-entre-les-gens-de-la-terre-et-ceux-de-la-mer\/\"><span style=\"text-decoration: underline;\">En lire plus \u2192<\/span><\/a><\/p>\t\t\t\t\t\t\t\t<\/div>\n\t\t\t\t<\/div>\n\t\t\t\t\t<\/div>\n\t\t\t\t<\/div>\n\t\t<div class=\"elementor-element elementor-element-cc8bc64 e-flex e-con-boxed e-con e-parent\" data-id=\"cc8bc64\" data-element_type=\"container\" data-settings=\"{&quot;background_background&quot;:&quot;classic&quot;}\">\n\t\t\t\t\t<div class=\"e-con-inner\">\n\t\t\t\t<div class=\"elementor-element elementor-element-e9fd176 elementor-widget__width-auto elementor-widget elementor-widget-heading\" data-id=\"e9fd176\" data-element_type=\"widget\" data-widget_type=\"heading.default\">\n\t\t\t\t\t<h2 class=\"elementor-heading-title elementor-size-default\">Les<\/h2>\t\t\t\t<\/div>\n\t\t\t\t<div class=\"elementor-element elementor-element-3c31db2 elementor-widget__width-auto elementor-widget elementor-widget-heading\" data-id=\"3c31db2\" data-element_type=\"widget\" data-widget_type=\"heading.default\">\n\t\t\t\t\t<h2 class=\"elementor-heading-title elementor-size-default\">dates \u00e0 venir<\/h2>\t\t\t\t<\/div>\n\t\t\t\t\t<\/div>\n\t\t\t\t<\/div>\n\t\t<div class=\"elementor-element elementor-element-63f361d e-flex e-con-boxed e-con e-parent\" data-id=\"63f361d\" data-element_type=\"container\" data-settings=\"{&quot;background_background&quot;:&quot;classic&quot;}\">\n\t\t\t\t\t<div class=\"e-con-inner\">\n\t\t<div class=\"elementor-element elementor-element-9ca177c e-con-full e-flex e-con e-child\" data-id=\"9ca177c\" data-element_type=\"container\" data-settings=\"{&quot;background_background&quot;:&quot;slideshow&quot;,&quot;background_slideshow_gallery&quot;:[{&quot;id&quot;:965,&quot;url&quot;:&quot;http:\\\/\\\/www.amicale-meriteagricole76.org\\\/wp-content\\\/uploads\\\/2026\\\/02\\\/Salon-agriculture-paris-apace-loisirs-2026.jpg-2.webp&quot;}],&quot;background_slideshow_loop&quot;:&quot;yes&quot;,&quot;background_slideshow_slide_duration&quot;:5000,&quot;background_slideshow_slide_transition&quot;:&quot;fade&quot;,&quot;background_slideshow_transition_duration&quot;:500}\">\n\t\t\t\t<div class=\"elementor-element elementor-element-65be406 elementor-widget elementor-widget-heading\" data-id=\"65be406\" data-element_type=\"widget\" data-widget_type=\"heading.default\">\n\t\t\t\t\t<h3 class=\"elementor-heading-title elementor-size-default\">21 f\u00e9vrier - 1er mars 2026 <\/h3>\t\t\t\t<\/div>\n\t\t\t\t<div class=\"elementor-element elementor-element-9d3e6ba elementor-widget elementor-widget-text-editor\" data-id=\"9d3e6ba\" data-element_type=\"widget\" data-widget_type=\"text-editor.default\">\n\t\t\t\t\t\t\t\t\t<p>Salon International de l&#8217;agriculture<\/p>\t\t\t\t\t\t\t\t<\/div>\n\t\t\t\t<\/div>\n\t\t<div class=\"elementor-element elementor-element-c02d78f e-con-full e-flex e-con e-child\" data-id=\"c02d78f\" data-element_type=\"container\" data-settings=\"{&quot;background_background&quot;:&quot;slideshow&quot;,&quot;background_slideshow_gallery&quot;:[{&quot;id&quot;:965,&quot;url&quot;:&quot;http:\\\/\\\/www.amicale-meriteagricole76.org\\\/wp-content\\\/uploads\\\/2026\\\/02\\\/Salon-agriculture-paris-apace-loisirs-2026.jpg-2.webp&quot;}],&quot;background_slideshow_loop&quot;:&quot;yes&quot;,&quot;background_slideshow_slide_duration&quot;:5000,&quot;background_slideshow_slide_transition&quot;:&quot;fade&quot;,&quot;background_slideshow_transition_duration&quot;:500}\">\n\t\t\t\t<div class=\"elementor-element elementor-element-1124e1a elementor-widget elementor-widget-heading\" data-id=\"1124e1a\" data-element_type=\"widget\" data-widget_type=\"heading.default\">\n\t\t\t\t\t<h3 class=\"elementor-heading-title elementor-size-default\">21 f\u00e9vrier - 1er mars 2026 <\/h3>\t\t\t\t<\/div>\n\t\t\t\t<div class=\"elementor-element elementor-element-3eee0ad elementor-widget elementor-widget-text-editor\" data-id=\"3eee0ad\" data-element_type=\"widget\" data-widget_type=\"text-editor.default\">\n\t\t\t\t\t\t\t\t\t<p>Salon International de l&#8217;agriculture<\/p>\t\t\t\t\t\t\t\t<\/div>\n\t\t\t\t<\/div>\n\t\t<div class=\"elementor-element elementor-element-8c428a9 e-con-full e-flex e-con e-child\" data-id=\"8c428a9\" data-element_type=\"container\" data-settings=\"{&quot;background_background&quot;:&quot;slideshow&quot;,&quot;background_slideshow_gallery&quot;:[{&quot;id&quot;:965,&quot;url&quot;:&quot;http:\\\/\\\/www.amicale-meriteagricole76.org\\\/wp-content\\\/uploads\\\/2026\\\/02\\\/Salon-agriculture-paris-apace-loisirs-2026.jpg-2.webp&quot;}],&quot;background_slideshow_loop&quot;:&quot;yes&quot;,&quot;background_slideshow_slide_duration&quot;:5000,&quot;background_slideshow_slide_transition&quot;:&quot;fade&quot;,&quot;background_slideshow_transition_duration&quot;:500}\">\n\t\t\t\t<div class=\"elementor-element elementor-element-58e211f elementor-widget elementor-widget-heading\" data-id=\"58e211f\" data-element_type=\"widget\" data-widget_type=\"heading.default\">\n\t\t\t\t\t<h3 class=\"elementor-heading-title elementor-size-default\">21 f\u00e9vrier - 1er mars 2026 <\/h3>\t\t\t\t<\/div>\n\t\t\t\t<div class=\"elementor-element elementor-element-5456a9d elementor-widget elementor-widget-text-editor\" data-id=\"5456a9d\" data-element_type=\"widget\" data-widget_type=\"text-editor.default\">\n\t\t\t\t\t\t\t\t\t<p>Salon International de l&#8217;agriculture<\/p>\t\t\t\t\t\t\t\t<\/div>\n\t\t\t\t<\/div>\n\t\t<div class=\"elementor-element elementor-element-312c02f e-con-full e-flex e-con e-child\" data-id=\"312c02f\" data-element_type=\"container\" data-settings=\"{&quot;background_background&quot;:&quot;slideshow&quot;,&quot;background_slideshow_gallery&quot;:[{&quot;id&quot;:965,&quot;url&quot;:&quot;http:\\\/\\\/www.amicale-meriteagricole76.org\\\/wp-content\\\/uploads\\\/2026\\\/02\\\/Salon-agriculture-paris-apace-loisirs-2026.jpg-2.webp&quot;}],&quot;background_slideshow_loop&quot;:&quot;yes&quot;,&quot;background_slideshow_slide_duration&quot;:5000,&quot;background_slideshow_slide_transition&quot;:&quot;fade&quot;,&quot;background_slideshow_transition_duration&quot;:500}\">\n\t\t\t\t<div class=\"elementor-element elementor-element-7cb971e elementor-widget elementor-widget-heading\" data-id=\"7cb971e\" data-element_type=\"widget\" data-widget_type=\"heading.default\">\n\t\t\t\t\t<h3 class=\"elementor-heading-title elementor-size-default\">21 f\u00e9vrier - 1er mars 2026 <\/h3>\t\t\t\t<\/div>\n\t\t\t\t<div class=\"elementor-element elementor-element-c6be866 elementor-widget elementor-widget-text-editor\" data-id=\"c6be866\" data-element_type=\"widget\" data-widget_type=\"text-editor.default\">\n\t\t\t\t\t\t\t\t\t<p>Salon International de l&#8217;agriculture<\/p>\t\t\t\t\t\t\t\t<\/div>\n\t\t\t\t<\/div>\n\t\t\t\t\t<\/div>\n\t\t\t\t<\/div>\n\t\t\t\t<\/div>\n\t\t","protected":false},"excerpt":{"rendered":"<p>Nos Actualit\u00e9s 7 MARS 2026 Un animal d\u2019exception \u00e0 l\u2019honneur \u00e0 la Foire d\u2019Octeville-sur-Mer \u00c0 l\u2019occasion de la 167\u1d49 Foire- Concours aux animaux organis\u00e9e samedi 7 mars 2026 sur la place Pierre Leprevost \u00e0 Octeville-sur-Mer, l\u2019Amicale des D\u00e9cor\u00e9s du M\u00e9rite Agricole de Seine-Maritime a remis un Prix sp\u00e9cial de \u00ab l\u2019animal d\u2019\u00e9levage d\u2019exception \u00bb. \u00a0 [&hellip;]<\/p>\n","protected":false},"author":1,"featured_media":0,"parent":0,"menu_order":0,"comment_status":"closed","ping_status":"closed","template":"","meta":{"footnotes":""},"class_list":["post-53","page","type-page","status-publish","hentry"],"_links":{"self":[{"href":"https:\/\/www.amicale-meriteagricole76.org\/index.php\/wp-json\/wp\/v2\/pages\/53","targetHints":{"allow":["GET"]}}],"collection":[{"href":"https:\/\/www.amicale-meriteagricole76.org\/index.php\/wp-json\/wp\/v2\/pages"}],"about":[{"href":"https:\/\/www.amicale-meriteagricole76.org\/index.php\/wp-json\/wp\/v2\/types\/page"}],"author":[{"embeddable":true,"href":"https:\/\/www.amicale-meriteagricole76.org\/index.php\/wp-json\/wp\/v2\/users\/1"}],"replies":[{"embeddable":true,"href":"https:\/\/www.amicale-meriteagricole76.org\/index.php\/wp-json\/wp\/v2\/comments?post=53"}],"version-history":[{"count":142,"href":"https:\/\/www.amicale-meriteagricole76.org\/index.php\/wp-json\/wp\/v2\/pages\/53\/revisions"}],"predecessor-version":[{"id":1017,"href":"https:\/\/www.amicale-meriteagricole76.org\/index.php\/wp-json\/wp\/v2\/pages\/53\/revisions\/1017"}],"wp:attachment":[{"href":"https:\/\/www.amicale-meriteagricole76.org\/index.php\/wp-json\/wp\/v2\/media?parent=53"}],"curies":[{"name":"wp","href":"https:\/\/api.w.org\/{rel}","templated":true}]}}