{"id":51,"date":"2025-11-17T18:29:56","date_gmt":"2025-11-17T18:29:56","guid":{"rendered":"https:\/\/www.amicale-meriteagricole76.org\/?page_id=51"},"modified":"2026-01-25T12:28:14","modified_gmt":"2026-01-25T12:28:14","slug":"le-merite-agricole","status":"publish","type":"page","link":"https:\/\/www.amicale-meriteagricole76.org\/index.php\/le-merite-agricole\/","title":{"rendered":"Le M\u00e9rite Agricole"},"content":{"rendered":"\t\t<div data-elementor-type=\"wp-page\" data-elementor-id=\"51\" class=\"elementor elementor-51\" data-elementor-post-type=\"page\">\n\t\t\t\t<div class=\"elementor-element elementor-element-6bd1dff e-flex e-con-boxed e-con e-parent\" data-id=\"6bd1dff\" data-element_type=\"container\" data-settings=\"{&quot;background_background&quot;:&quot;slideshow&quot;,&quot;background_slideshow_gallery&quot;:[{&quot;id&quot;:234,&quot;url&quot;:&quot;http:\\\/\\\/www.amicale-meriteagricole76.org\\\/wp-content\\\/uploads\\\/2025\\\/11\\\/Img_Categorie_Merite_Agricole.png&quot;}],&quot;background_slideshow_loop&quot;:&quot;yes&quot;,&quot;background_slideshow_slide_duration&quot;:5000,&quot;background_slideshow_slide_transition&quot;:&quot;fade&quot;,&quot;background_slideshow_transition_duration&quot;:500}\">\n\t\t\t\t\t<div class=\"e-con-inner\">\n\t\t\t\t<div class=\"elementor-element elementor-element-6a99a9a elementor-widget elementor-widget-heading\" data-id=\"6a99a9a\" data-element_type=\"widget\" data-widget_type=\"heading.default\">\n\t\t\t\t\t<h2 class=\"elementor-heading-title elementor-size-default\">Le M\u00e9rite Agricole<\/h2>\t\t\t\t<\/div>\n\t\t\t\t<div class=\"elementor-element elementor-element-e479d08 elementor-widget__width-initial elementor-widget elementor-widget-text-editor\" data-id=\"e479d08\" data-element_type=\"widget\" data-widget_type=\"text-editor.default\">\n\t\t\t\t\t\t\t\t\t<p>Reconna\u00eetre les parcours d\u2019exception, qu\u2019ils soient li\u00e9s \u00e0 la production, \u00e0 la recherche, \u00e0 l\u2019enseignement, \u00e0 l\u2019administration, \u00e0 la for\u00eat, \u00e0 l\u2019agroalimentaire ou \u00e0 la pr\u00e9servation de l\u2019environnement.<\/p>\t\t\t\t\t\t\t\t<\/div>\n\t\t\t\t\t<\/div>\n\t\t\t\t<\/div>\n\t\t<div class=\"elementor-element elementor-element-81ef75a e-flex e-con-boxed e-con e-parent\" data-id=\"81ef75a\" data-element_type=\"container\">\n\t\t\t\t\t<div class=\"e-con-inner\">\n\t\t<div class=\"elementor-element elementor-element-e562ef7 e-con-full e-flex e-con e-child\" data-id=\"e562ef7\" data-element_type=\"container\">\n\t\t\t\t<div class=\"elementor-element elementor-element-871b964 elementor-widget elementor-widget-image\" data-id=\"871b964\" data-element_type=\"widget\" data-widget_type=\"image.default\">\n\t\t\t\t\t\t\t\t\t\t\t\t\t\t\t<img fetchpriority=\"high\" decoding=\"async\" width=\"693\" height=\"702\" src=\"https:\/\/www.amicale-meriteagricole76.org\/wp-content\/uploads\/2025\/11\/Img_Creation_Merite_Agricole.png\" class=\"attachment-large size-large wp-image-104\" alt=\"\" srcset=\"https:\/\/www.amicale-meriteagricole76.org\/wp-content\/uploads\/2025\/11\/Img_Creation_Merite_Agricole.png 693w, https:\/\/www.amicale-meriteagricole76.org\/wp-content\/uploads\/2025\/11\/Img_Creation_Merite_Agricole-296x300.png 296w\" sizes=\"(max-width: 693px) 100vw, 693px\" \/>\t\t\t\t\t\t\t\t\t\t\t\t\t\t\t<\/div>\n\t\t\t\t<\/div>\n\t\t<div class=\"elementor-element elementor-element-d7ecd00 e-con-full e-flex e-con e-child\" data-id=\"d7ecd00\" data-element_type=\"container\">\n\t\t\t\t<div class=\"elementor-element elementor-element-2dc7198 elementor-widget elementor-widget-heading\" data-id=\"2dc7198\" data-element_type=\"widget\" data-widget_type=\"heading.default\">\n\t\t\t\t\t<h6 class=\"elementor-heading-title elementor-size-default\">LA CR\u00c9ATION DU M\u00c9RITE AGRICOLE<\/h6>\t\t\t\t<\/div>\n\t\t\t\t<div class=\"elementor-element elementor-element-fe64f45 elementor-widget elementor-widget-heading\" data-id=\"fe64f45\" data-element_type=\"widget\" data-widget_type=\"heading.default\">\n\t\t\t\t\t<h2 class=\"elementor-heading-title elementor-size-default\">L\u2019Ordre du M\u00e9rite Agricole :<\/h2>\t\t\t\t<\/div>\n\t\t\t\t<div class=\"elementor-element elementor-element-6d9ea57 elementor-widget__width-initial elementor-widget elementor-widget-heading\" data-id=\"6d9ea57\" data-element_type=\"widget\" data-widget_type=\"heading.default\">\n\t\t\t\t\t<h2 class=\"elementor-heading-title elementor-size-default\">une distinction de r\u00e9f\u00e9rence<\/h2>\t\t\t\t<\/div>\n\t\t\t\t<div class=\"elementor-element elementor-element-44041be elementor-widget elementor-widget-text-editor\" data-id=\"44041be\" data-element_type=\"widget\" data-widget_type=\"text-editor.default\">\n\t\t\t\t\t\t\t\t\t<p>Cr\u00e9\u00e9 le <strong>7 juillet 1883<\/strong> par <strong>Jules M\u00e9line<\/strong>, alors<strong> ministre de l\u2019Agriculture<\/strong>, l\u2019Ordre du M\u00e9rite agricole a \u00e9t\u00e9 instaur\u00e9 pour r\u00e9compenser les services \u00e9minents rendus au monde agricole. Il s\u2019agit de reconna\u00eetre les parcours d\u2019exception, qu\u2019ils soient li\u00e9s \u00e0 la production, \u00e0 la recherche, \u00e0 l\u2019enseignement, \u00e0 l\u2019administration, \u00e0 la for\u00eat, \u00e0 l\u2019agroalimentaire ou \u00e0 la pr\u00e9servation de l\u2019environnement.<\/p><p>Cette distinction rel\u00e8ve de l\u2019autorit\u00e9 du ministre de l\u2019Agriculture, qui d\u00e9cide des nominations apr\u00e8s consultation du Conseil de l\u2019ordre du M\u00e9rite agricole.<\/p><p>L\u2019Ordre du M\u00e9rite agricole fait partie des rares ordres minist\u00e9riels maintenus apr\u00e8s la cr\u00e9ation de l\u2019Ordre national du M\u00e9rite par le G\u00e9n\u00e9ral de Gaulle en 1963 \u2014 aux c\u00f4t\u00e9s des Palmes acad\u00e9miques, du M\u00e9rite maritime et de l\u2019ordre des Arts et des Lettres. Il compte trois grades : chevalier, officier et commandeur.<\/p><p>Souvent surnomm\u00e9 \u00ab la L\u00e9gion d\u2019honneur du monde rural \u00bb, cet ordre t\u00e9moigne de la reconnaissance de la Nation envers celles et ceux qui consacrent leur vie \u00e0 nourrir, pr\u00e9server et transmettre.<\/p>\t\t\t\t\t\t\t\t<\/div>\n\t\t\t\t<\/div>\n\t\t\t\t\t<\/div>\n\t\t\t\t<\/div>\n\t\t<div class=\"elementor-element elementor-element-6aac065 e-flex e-con-boxed e-con e-parent\" data-id=\"6aac065\" data-element_type=\"container\">\n\t\t\t\t\t<div class=\"e-con-inner\">\n\t\t<div class=\"elementor-element elementor-element-18763ba e-con-full e-flex e-con e-child\" data-id=\"18763ba\" data-element_type=\"container\">\n\t\t<div class=\"elementor-element elementor-element-af46cc8 e-con-full e-flex e-con e-child\" data-id=\"af46cc8\" data-element_type=\"container\">\n\t\t\t\t<div class=\"elementor-element elementor-element-5de0e97 elementor-widget elementor-widget-heading\" data-id=\"5de0e97\" data-element_type=\"widget\" data-widget_type=\"heading.default\">\n\t\t\t\t\t<h2 class=\"elementor-heading-title elementor-size-default\">Les<\/h2>\t\t\t\t<\/div>\n\t\t\t\t<div class=\"elementor-element elementor-element-373c6b0 elementor-widget__width-auto elementor-widget elementor-widget-heading\" data-id=\"373c6b0\" data-element_type=\"widget\" data-widget_type=\"heading.default\">\n\t\t\t\t\t<h2 class=\"elementor-heading-title elementor-size-default\">Conditions d\u2019Attribution<\/h2>\t\t\t\t<\/div>\n\t\t\t\t<\/div>\n\t\t\t\t<div class=\"elementor-element elementor-element-f78f538 elementor-widget elementor-widget-text-editor\" data-id=\"f78f538\" data-element_type=\"widget\" data-widget_type=\"text-editor.default\">\n\t\t\t\t\t\t\t\t\t<p>Les modalit\u00e9s d\u2019entr\u00e9e dans l\u2019Ordre du M\u00e9rite agricole sont fix\u00e9es par <strong>le d\u00e9cret n\u00b059-729 du 15 juin 1959<\/strong>. Pour \u00eatre nomm\u00e9, il faut <strong>jouir de ses droits civils<\/strong> et justifier de quinze ann\u00e9es de services r\u00e9els rendus \u00e0 l\u2019agriculture, dans l\u2019un des domaines suivants :<br \/><br \/>\u2192 dans les activit\u00e9s d\u00e9finies \u00e0 l\u2019article L.311-1 du Code rural et de la p\u00eache maritime (agriculture, \u00e9levage, aquaculture, etc.) ;<br \/>\u2192 dans les secteurs qui s\u2019y rattachent, comme la <strong>fili\u00e8re agroalimentaire<\/strong>, la <strong>gastronomie<\/strong>, les <strong>m\u00e9tiers de bouche<\/strong>, la <strong>fili\u00e8re for\u00eat-bois<\/strong>, ou encore les services agricoles ;<br \/>\u2192 dans des fonctions <strong>publiques<\/strong> ou <strong>administratives<\/strong> li\u00e9es au monde agricole ;<br \/>\u2192 ou encore \u00e0 travers des <strong>travaux scientifiques, publications agricoles,<\/strong> ou toute activit\u00e9 valorisant l\u2019agriculture ou le monde du vivant.<br \/><br \/>Les <strong>nominations et promotions<\/strong> ont lieu chaque ann\u00e9e <strong>en janvier et en juillet<\/strong>.<br \/><br \/>L\u2019ordre comporte trois grades :<br \/>\u2022 <strong>Chevalier :<\/strong> accessible apr\u00e8s 15 ans de service ;<br \/>\u2022 <strong>Officier :<\/strong> apr\u00e8s 5 ans minimum au grade de chevalier ;<br \/>\u2022 <strong>Commandeur :<\/strong> apr\u00e8s 5 ans minimum au grade d\u2019officier.<br \/><br \/>Des <strong>d\u00e9rogations<\/strong> peuvent toutefois \u00eatre accord\u00e9es pour les personnes pr\u00e9sentant des <strong>titres exceptionnels<\/strong>, en reconnaissance de parcours particuli\u00e8rement remarquables.<\/p>\t\t\t\t\t\t\t\t<\/div>\n\t\t\t\t<\/div>\n\t\t<div class=\"elementor-element elementor-element-c9d2b06 e-con-full e-flex e-con e-child\" data-id=\"c9d2b06\" data-element_type=\"container\">\n\t\t\t\t<div class=\"elementor-element elementor-element-97430c6 elementor-widget elementor-widget-image\" data-id=\"97430c6\" data-element_type=\"widget\" data-widget_type=\"image.default\">\n\t\t\t\t\t\t\t\t\t\t\t\t\t\t\t<img decoding=\"async\" width=\"693\" height=\"769\" src=\"https:\/\/www.amicale-meriteagricole76.org\/wp-content\/uploads\/2025\/11\/Img_Medaille.png\" class=\"attachment-large size-large wp-image-106\" alt=\"\" srcset=\"https:\/\/www.amicale-meriteagricole76.org\/wp-content\/uploads\/2025\/11\/Img_Medaille.png 693w, https:\/\/www.amicale-meriteagricole76.org\/wp-content\/uploads\/2025\/11\/Img_Medaille-270x300.png 270w\" sizes=\"(max-width: 693px) 100vw, 693px\" \/>\t\t\t\t\t\t\t\t\t\t\t\t\t\t\t<\/div>\n\t\t\t\t<\/div>\n\t\t\t\t\t<\/div>\n\t\t\t\t<\/div>\n\t\t<div class=\"elementor-element elementor-element-e07ef32 e-con-full elementor-hidden-tablet elementor-hidden-mobile e-flex e-con e-parent\" data-id=\"e07ef32\" data-element_type=\"container\">\n\t\t<div class=\"elementor-element elementor-element-2ba9e73 e-con-full e-flex e-con e-child\" data-id=\"2ba9e73\" data-element_type=\"container\" data-settings=\"{&quot;background_background&quot;:&quot;classic&quot;}\">\n\t\t<div class=\"elementor-element elementor-element-96ccfe5 e-flex e-con-boxed e-con e-child\" data-id=\"96ccfe5\" data-element_type=\"container\">\n\t\t\t\t\t<div class=\"e-con-inner\">\n\t\t\t\t<div class=\"elementor-element elementor-element-a36f48a elementor-widget elementor-widget-heading\" data-id=\"a36f48a\" data-element_type=\"widget\" data-widget_type=\"heading.default\">\n\t\t\t\t\t<h6 class=\"elementor-heading-title elementor-size-default\">HISTOIRE : DE LA L\u00c9GION D\u2019HONNEUR AU POIREAU<\/h6>\t\t\t\t<\/div>\n\t\t\t\t<div class=\"elementor-element elementor-element-bcca2c8 elementor-widget elementor-widget-heading\" data-id=\"bcca2c8\" data-element_type=\"widget\" data-widget_type=\"heading.default\">\n\t\t\t\t\t<h2 class=\"elementor-heading-title elementor-size-default\">Aux origines du M\u00e9rite agricole :<\/h2>\t\t\t\t<\/div>\n\t\t\t\t<div class=\"elementor-element elementor-element-d83081f elementor-widget__width-initial elementor-widget elementor-widget-heading\" data-id=\"d83081f\" data-element_type=\"widget\" data-widget_type=\"heading.default\">\n\t\t\t\t\t<h2 class=\"elementor-heading-title elementor-size-default\">une L\u00e9gion d\u2019honneur des champs<\/h2>\t\t\t\t<\/div>\n\t\t\t\t<div class=\"elementor-element elementor-element-5474373 elementor-widget elementor-widget-text-editor\" data-id=\"5474373\" data-element_type=\"widget\" data-widget_type=\"text-editor.default\">\n\t\t\t\t\t\t\t\t\t<p>L\u2019Ordre du M\u00e9rite agricole voit le jour le<strong> 7 juillet 1883<\/strong>, sous l\u2019impulsion de<strong> Jules M\u00e9line<\/strong>, alors ministre de l\u2019Agriculture. \u00c0 l\u2019\u00e9poque, ce jeune minist\u00e8re vient tout juste de gagner son autonomie, apr\u00e8s avoir longtemps d\u00e9pendu du Commerce.<\/p><p>Constatant l\u2019ampleur de la population agricole \u2013 plus de 18 millions de Fran\u00e7ais en vivent alors \u2013 et la raret\u00e9 des distinctions accord\u00e9es \u00e0 ce monde pourtant essentiel, M\u00e9line souhaite cr\u00e9er une <strong>d\u00e9coration \u00e9quivalente \u00e0 la L\u00e9gion d\u2019honneur<\/strong>, mais d\u00e9di\u00e9e aux acteurs de l\u2019agriculture : agriculteurs, savants, enseignants, chercheurs, techniciens\u2026<\/p><p>Inspir\u00e9 par la L\u00e9gion d\u2019honneur, il imagine un insigne similaire. Si le mod\u00e8le d\u2019origine n\u2019est finalement pas retenu, <strong>le ruban vert bord\u00e9 de liser\u00e9s rouges<\/strong> reste, en clin d\u2019\u0153il \u00e0 l\u2019ordre national. Le dessin de la croix est sign\u00e9 par <strong>Lemoine fils<\/strong>, bijoutier de la L\u00e9gion d\u2019honneur. Aujourd\u2019hui encore, les insignes sont frapp\u00e9s par l\u2019Administration des Monnaies et M\u00e9dailles.<\/p><p>\u00c0 ses d\u00e9buts, la d\u00e9coration est accueillie avec ironie par une partie de la presse et des parlementaires, qui la surnomment rapidement <strong>\u00ab le poireau \u00bb<\/strong>, en raison de son ruban vert et blanc rappelant la c\u00e9l\u00e8bre plante potag\u00e8re. L\u2019expression est rest\u00e9e, conf\u00e9rant au M\u00e9rite agricole un surnom affectueux et populaire.<\/p><p>Initialement limit\u00e9 au grade de chevalier, l\u2019ordre s\u2019enrichit progressivement : le <strong>grade d\u2019officier<\/strong> est institu\u00e9 en 1887 par Fran\u00e7ois Barbe, puis celui de c<strong>ommandeur<\/strong> en 1900 par Jean Dupuy. Ces \u00e9volutions marquent la mont\u00e9e en reconnaissance d\u2019une d\u00e9coration devenue aujourd\u2019hui un symbole fort du m\u00e9rite rural et agricole.<\/p>\t\t\t\t\t\t\t\t<\/div>\n\t\t\t\t\t<\/div>\n\t\t\t\t<\/div>\n\t\t\t\t<\/div>\n\t\t<div class=\"elementor-element elementor-element-68138f1 e-con-full e-flex e-con e-child\" data-id=\"68138f1\" data-element_type=\"container\" data-settings=\"{&quot;background_background&quot;:&quot;slideshow&quot;,&quot;position&quot;:&quot;absolute&quot;,&quot;background_slideshow_gallery&quot;:[],&quot;background_slideshow_loop&quot;:&quot;yes&quot;,&quot;background_slideshow_slide_duration&quot;:5000,&quot;background_slideshow_slide_transition&quot;:&quot;fade&quot;,&quot;background_slideshow_transition_duration&quot;:500}\">\n\t\t\t\t<div class=\"elementor-element elementor-element-add0715 elementor-widget__width-initial elementor-widget elementor-widget-image\" data-id=\"add0715\" data-element_type=\"widget\" data-widget_type=\"image.default\">\n\t\t\t\t\t\t\t\t\t\t\t\t\t\t\t<img decoding=\"async\" width=\"689\" height=\"1024\" src=\"https:\/\/www.amicale-meriteagricole76.org\/wp-content\/uploads\/2026\/01\/Img_Poireau-689x1024.png\" class=\"attachment-large size-large wp-image-842\" alt=\"\" srcset=\"https:\/\/www.amicale-meriteagricole76.org\/wp-content\/uploads\/2026\/01\/Img_Poireau-689x1024.png 689w, https:\/\/www.amicale-meriteagricole76.org\/wp-content\/uploads\/2026\/01\/Img_Poireau-202x300.png 202w, https:\/\/www.amicale-meriteagricole76.org\/wp-content\/uploads\/2026\/01\/Img_Poireau-768x1141.png 768w, https:\/\/www.amicale-meriteagricole76.org\/wp-content\/uploads\/2026\/01\/Img_Poireau-1034x1536.png 1034w, https:\/\/www.amicale-meriteagricole76.org\/wp-content\/uploads\/2026\/01\/Img_Poireau-1379x2048.png 1379w, https:\/\/www.amicale-meriteagricole76.org\/wp-content\/uploads\/2026\/01\/Img_Poireau-scaled.png 1724w\" sizes=\"(max-width: 689px) 100vw, 689px\" \/>\t\t\t\t\t\t\t\t\t\t\t\t\t\t\t<\/div>\n\t\t\t\t<\/div>\n\t\t\t\t<\/div>\n\t\t<div class=\"elementor-element elementor-element-4436efa elementor-hidden-desktop e-flex e-con-boxed e-con e-parent\" data-id=\"4436efa\" data-element_type=\"container\" data-settings=\"{&quot;background_background&quot;:&quot;classic&quot;}\">\n\t\t\t\t\t<div class=\"e-con-inner\">\n\t\t<div class=\"elementor-element elementor-element-2f5766b e-con-full e-flex e-con e-child\" data-id=\"2f5766b\" data-element_type=\"container\">\n\t\t\t\t<div class=\"elementor-element elementor-element-d1baafa elementor-widget elementor-widget-heading\" data-id=\"d1baafa\" data-element_type=\"widget\" data-widget_type=\"heading.default\">\n\t\t\t\t\t<h6 class=\"elementor-heading-title elementor-size-default\">HISTOIRE : DE LA L\u00c9GION D\u2019HONNEUR AU POIREAU<\/h6>\t\t\t\t<\/div>\n\t\t\t\t<div class=\"elementor-element elementor-element-7d0120a elementor-widget elementor-widget-heading\" data-id=\"7d0120a\" data-element_type=\"widget\" data-widget_type=\"heading.default\">\n\t\t\t\t\t<h2 class=\"elementor-heading-title elementor-size-default\">Aux origines du M\u00e9rite agricole :<\/h2>\t\t\t\t<\/div>\n\t\t\t\t<div class=\"elementor-element elementor-element-77fef80 elementor-widget__width-initial elementor-widget elementor-widget-heading\" data-id=\"77fef80\" data-element_type=\"widget\" data-widget_type=\"heading.default\">\n\t\t\t\t\t<h2 class=\"elementor-heading-title elementor-size-default\">une L\u00e9gion d\u2019honneur des champs<\/h2>\t\t\t\t<\/div>\n\t\t\t\t<div class=\"elementor-element elementor-element-d63168a elementor-widget elementor-widget-text-editor\" data-id=\"d63168a\" data-element_type=\"widget\" data-widget_type=\"text-editor.default\">\n\t\t\t\t\t\t\t\t\t<p>L\u2019Ordre du M\u00e9rite agricole voit le jour le<strong> 7 juillet 1883<\/strong>, sous l\u2019impulsion de<strong> Jules M\u00e9line<\/strong>, alors ministre de l\u2019Agriculture. \u00c0 l\u2019\u00e9poque, ce jeune minist\u00e8re vient tout juste de gagner son autonomie, apr\u00e8s avoir longtemps d\u00e9pendu du Commerce.<\/p><p>Constatant l\u2019ampleur de la population agricole \u2013 plus de 18 millions de Fran\u00e7ais en vivent alors \u2013 et la raret\u00e9 des distinctions accord\u00e9es \u00e0 ce monde pourtant essentiel, M\u00e9line souhaite cr\u00e9er une <strong>d\u00e9coration \u00e9quivalente \u00e0 la L\u00e9gion d\u2019honneur<\/strong>, mais d\u00e9di\u00e9e aux acteurs de l\u2019agriculture : agriculteurs, savants, enseignants, chercheurs, techniciens\u2026<\/p><p>Inspir\u00e9 par la L\u00e9gion d\u2019honneur, il imagine un insigne similaire. Si le mod\u00e8le d\u2019origine n\u2019est finalement pas retenu, <strong>le ruban vert bord\u00e9 de liser\u00e9s rouges<\/strong> reste, en clin d\u2019\u0153il \u00e0 l\u2019ordre national. Le dessin de la croix est sign\u00e9 par <strong>Lemoine fils<\/strong>, bijoutier de la L\u00e9gion d\u2019honneur. Aujourd\u2019hui encore, les insignes sont frapp\u00e9s par l\u2019Administration des Monnaies et M\u00e9dailles.<\/p><p>\u00c0 ses d\u00e9buts, la d\u00e9coration est accueillie avec ironie par une partie de la presse et des parlementaires, qui la surnomment rapidement <strong>\u00ab le poireau \u00bb<\/strong>, en raison de son ruban vert et blanc rappelant la c\u00e9l\u00e8bre plante potag\u00e8re. L\u2019expression est rest\u00e9e, conf\u00e9rant au M\u00e9rite agricole un surnom affectueux et populaire.<\/p><p>Initialement limit\u00e9 au grade de chevalier, l\u2019ordre s\u2019enrichit progressivement : le <strong>grade d\u2019officier<\/strong> est institu\u00e9 en 1887 par Fran\u00e7ois Barbe, puis celui de c<strong>ommandeur<\/strong> en 1900 par Jean Dupuy. Ces \u00e9volutions marquent la mont\u00e9e en reconnaissance d\u2019une d\u00e9coration devenue aujourd\u2019hui un symbole fort du m\u00e9rite rural et agricole.<\/p>\t\t\t\t\t\t\t\t<\/div>\n\t\t\t\t<\/div>\n\t\t<div class=\"elementor-element elementor-element-6d4141e e-con-full e-flex e-con e-child\" data-id=\"6d4141e\" data-element_type=\"container\">\n\t\t\t\t<div class=\"elementor-element elementor-element-4df318d elementor-widget elementor-widget-image\" data-id=\"4df318d\" data-element_type=\"widget\" data-widget_type=\"image.default\">\n\t\t\t\t\t\t\t\t\t\t\t\t\t\t\t<img loading=\"lazy\" decoding=\"async\" width=\"689\" height=\"1024\" src=\"https:\/\/www.amicale-meriteagricole76.org\/wp-content\/uploads\/2025\/11\/Img_Poirreau-689x1024.png\" class=\"attachment-large size-large wp-image-339\" alt=\"\" srcset=\"https:\/\/www.amicale-meriteagricole76.org\/wp-content\/uploads\/2025\/11\/Img_Poirreau-689x1024.png 689w, https:\/\/www.amicale-meriteagricole76.org\/wp-content\/uploads\/2025\/11\/Img_Poirreau-202x300.png 202w, https:\/\/www.amicale-meriteagricole76.org\/wp-content\/uploads\/2025\/11\/Img_Poirreau-768x1141.png 768w, https:\/\/www.amicale-meriteagricole76.org\/wp-content\/uploads\/2025\/11\/Img_Poirreau-1034x1536.png 1034w, https:\/\/www.amicale-meriteagricole76.org\/wp-content\/uploads\/2025\/11\/Img_Poirreau-1379x2048.png 1379w, https:\/\/www.amicale-meriteagricole76.org\/wp-content\/uploads\/2025\/11\/Img_Poirreau-scaled.png 1724w\" sizes=\"(max-width: 689px) 100vw, 689px\" \/>\t\t\t\t\t\t\t\t\t\t\t\t\t\t\t<\/div>\n\t\t\t\t<\/div>\n\t\t\t\t\t<\/div>\n\t\t\t\t<\/div>\n\t\t\t\t<\/div>\n\t\t","protected":false},"excerpt":{"rendered":"<p>Le M\u00e9rite Agricole Reconna\u00eetre les parcours d\u2019exception, qu\u2019ils soient li\u00e9s \u00e0 la production, \u00e0 la recherche, \u00e0 l\u2019enseignement, \u00e0 l\u2019administration, \u00e0 la for\u00eat, \u00e0 l\u2019agroalimentaire ou \u00e0 la pr\u00e9servation de l\u2019environnement. LA CR\u00c9ATION DU M\u00c9RITE AGRICOLE L\u2019Ordre du M\u00e9rite Agricole : une distinction de r\u00e9f\u00e9rence Cr\u00e9\u00e9 le 7 juillet 1883 par Jules M\u00e9line, alors ministre [&hellip;]<\/p>\n","protected":false},"author":1,"featured_media":0,"parent":0,"menu_order":0,"comment_status":"closed","ping_status":"closed","template":"","meta":{"footnotes":""},"class_list":["post-51","page","type-page","status-publish","hentry"],"_links":{"self":[{"href":"https:\/\/www.amicale-meriteagricole76.org\/index.php\/wp-json\/wp\/v2\/pages\/51","targetHints":{"allow":["GET"]}}],"collection":[{"href":"https:\/\/www.amicale-meriteagricole76.org\/index.php\/wp-json\/wp\/v2\/pages"}],"about":[{"href":"https:\/\/www.amicale-meriteagricole76.org\/index.php\/wp-json\/wp\/v2\/types\/page"}],"author":[{"embeddable":true,"href":"https:\/\/www.amicale-meriteagricole76.org\/index.php\/wp-json\/wp\/v2\/users\/1"}],"replies":[{"embeddable":true,"href":"https:\/\/www.amicale-meriteagricole76.org\/index.php\/wp-json\/wp\/v2\/comments?post=51"}],"version-history":[{"count":79,"href":"https:\/\/www.amicale-meriteagricole76.org\/index.php\/wp-json\/wp\/v2\/pages\/51\/revisions"}],"predecessor-version":[{"id":845,"href":"https:\/\/www.amicale-meriteagricole76.org\/index.php\/wp-json\/wp\/v2\/pages\/51\/revisions\/845"}],"wp:attachment":[{"href":"https:\/\/www.amicale-meriteagricole76.org\/index.php\/wp-json\/wp\/v2\/media?parent=51"}],"curies":[{"name":"wp","href":"https:\/\/api.w.org\/{rel}","templated":true}]}}