{"id":242,"date":"2025-11-21T20:55:42","date_gmt":"2025-11-21T20:55:42","guid":{"rendered":"https:\/\/www.amicale-meriteagricole76.org\/?page_id=242"},"modified":"2026-01-17T14:37:18","modified_gmt":"2026-01-17T14:37:18","slug":"article-promenade-au-chateau","status":"publish","type":"page","link":"https:\/\/www.amicale-meriteagricole76.org\/index.php\/article-promenade-au-chateau\/","title":{"rendered":"Article &#8211; Promenade au ch\u00e2teau"},"content":{"rendered":"\t\t<div data-elementor-type=\"wp-page\" data-elementor-id=\"242\" class=\"elementor elementor-242\" data-elementor-post-type=\"page\">\n\t\t\t\t<div class=\"elementor-element elementor-element-b9452e3 e-flex e-con-boxed e-con e-parent\" data-id=\"b9452e3\" data-element_type=\"container\">\n\t\t\t\t\t<div class=\"e-con-inner\">\n\t\t<div class=\"elementor-element elementor-element-d2cebb2 e-con-full e-flex e-con e-child\" data-id=\"d2cebb2\" data-element_type=\"container\">\n\t\t\t\t<div class=\"elementor-element elementor-element-f30cd1e elementor-widget__width-initial elementor-widget elementor-widget-heading\" data-id=\"f30cd1e\" data-element_type=\"widget\" data-widget_type=\"heading.default\">\n\t\t\t\t\t<h2 class=\"elementor-heading-title elementor-size-default\">1ER JUIN 2024<\/h2>\t\t\t\t<\/div>\n\t\t\t\t<div class=\"elementor-element elementor-element-bc421fd elementor-widget-mobile__width-initial elementor-widget-divider--view-line elementor-widget elementor-widget-divider\" data-id=\"bc421fd\" data-element_type=\"widget\" data-widget_type=\"divider.default\">\n\t\t\t\t\t\t\t<div class=\"elementor-divider\">\n\t\t\t<span class=\"elementor-divider-separator\">\n\t\t\t\t\t\t<\/span>\n\t\t<\/div>\n\t\t\t\t\t\t<\/div>\n\t\t\t\t<\/div>\n\t\t\t\t\t<\/div>\n\t\t\t\t<\/div>\n\t\t<div class=\"elementor-element elementor-element-04e937a e-flex e-con-boxed e-con e-parent\" data-id=\"04e937a\" data-element_type=\"container\">\n\t\t\t\t\t<div class=\"e-con-inner\">\n\t\t\t\t<div class=\"elementor-element elementor-element-7b12f51 elementor-widget__width-initial elementor-widget elementor-widget-heading\" data-id=\"7b12f51\" data-element_type=\"widget\" data-widget_type=\"heading.default\">\n\t\t\t\t\t<h2 class=\"elementor-heading-title elementor-size-default\">Promenade au ch\u00e2teau<\/h2>\t\t\t\t<\/div>\n\t\t\t\t<div class=\"elementor-element elementor-element-7674aeb elementor-widget elementor-widget-heading\" data-id=\"7674aeb\" data-element_type=\"widget\" data-widget_type=\"heading.default\">\n\t\t\t\t\t<h2 class=\"elementor-heading-title elementor-size-default\">de ROYVILLE du 1er juin 2024<\/h2>\t\t\t\t<\/div>\n\t\t\t\t<div class=\"elementor-element elementor-element-0b033a5 elementor-widget elementor-widget-spacer\" data-id=\"0b033a5\" data-element_type=\"widget\" data-widget_type=\"spacer.default\">\n\t\t\t\t\t\t\t<div class=\"elementor-spacer\">\n\t\t\t<div class=\"elementor-spacer-inner\"><\/div>\n\t\t<\/div>\n\t\t\t\t\t\t<\/div>\n\t\t\t\t<div class=\"elementor-element elementor-element-d6b7192 elementor-widget elementor-widget-image\" data-id=\"d6b7192\" data-element_type=\"widget\" data-widget_type=\"image.default\">\n\t\t\t\t\t\t\t\t\t\t\t\t\t\t\t<img fetchpriority=\"high\" decoding=\"async\" width=\"800\" height=\"268\" src=\"https:\/\/www.amicale-meriteagricole76.org\/wp-content\/uploads\/2025\/11\/Photo_Article_Promenade-1024x343.png\" class=\"attachment-large size-large wp-image-245\" alt=\"\" srcset=\"https:\/\/www.amicale-meriteagricole76.org\/wp-content\/uploads\/2025\/11\/Photo_Article_Promenade-1024x343.png 1024w, https:\/\/www.amicale-meriteagricole76.org\/wp-content\/uploads\/2025\/11\/Photo_Article_Promenade-300x100.png 300w, https:\/\/www.amicale-meriteagricole76.org\/wp-content\/uploads\/2025\/11\/Photo_Article_Promenade-768x257.png 768w, https:\/\/www.amicale-meriteagricole76.org\/wp-content\/uploads\/2025\/11\/Photo_Article_Promenade-1536x514.png 1536w, https:\/\/www.amicale-meriteagricole76.org\/wp-content\/uploads\/2025\/11\/Photo_Article_Promenade-2048x686.png 2048w\" sizes=\"(max-width: 800px) 100vw, 800px\" \/>\t\t\t\t\t\t\t\t\t\t\t\t\t\t\t<\/div>\n\t\t\t\t\t<\/div>\n\t\t\t\t<\/div>\n\t\t<div class=\"elementor-element elementor-element-d584068 e-flex e-con-boxed e-con e-parent\" data-id=\"d584068\" data-element_type=\"container\" data-settings=\"{&quot;background_background&quot;:&quot;classic&quot;}\">\n\t\t\t\t\t<div class=\"e-con-inner\">\n\t\t<div class=\"elementor-element elementor-element-5a1c3b5 e-con-full e-flex e-con e-child\" data-id=\"5a1c3b5\" data-element_type=\"container\">\n\t\t\t\t<div class=\"elementor-element elementor-element-4533469 elementor-widget elementor-widget-heading\" data-id=\"4533469\" data-element_type=\"widget\" data-widget_type=\"heading.default\">\n\t\t\t\t\t<h3 class=\"elementor-heading-title elementor-size-default\">Le samedi 1er\u00a0juin 2024, nous avons eu la joie de nous retrouver quelques jours avant de f\u00eate l\u2019\u00e9t\u00e9.<\/h3>\t\t\t\t<\/div>\n\t\t\t\t<div class=\"elementor-element elementor-element-c67f759 elementor-widget elementor-widget-text-editor\" data-id=\"c67f759\" data-element_type=\"widget\" data-widget_type=\"text-editor.default\">\n\t\t\t\t\t\t\t\t\t<p>Tr\u00e8s agr\u00e9able journ\u00e9e organis\u00e9e par Madame Jo\u00eblle PESSY dont le programme se d\u00e9clinait, en matin\u00e9e \u00e0 ROYVILLE, par la visite guid\u00e9e par le propri\u00e9taire Arnaud GABRIEL et son \u00e9pouse Marie-Laure, d\u2019une fabrique de balais traditionnels et mythiques en paille de sorgho avec un souffle de modernit\u00e9 vendus \u00e0 l\u2019international et plus particuli\u00e8rement en Chine. Nous d\u00e9couvr\u00eemes l\u2019historique de la Balaiterie relevant d\u2019un artisanat des \u00ab\u00a0M\u00e9tiers d\u2019Art\u00a0\u00bb rares en France, les explications de la culture du sorgho en Pays de Caux, la teinture de la paille, la fabrication des balais et balayette sur des machines m\u00e9caniques ancestrales, la visite de l\u2019atelier et de sa collection improbable de balais multicolores conjuguant efficacit\u00e9 et esth\u00e9tisme. <br \/><br \/>D\u00e9couverte inattendue de la Collection unique intitul\u00e9e \u00ab\u00a0l\u2019Art du bois\u00a0\u00bb regroupant de plus d\u2019une centaine de sculptures de Monsieur Gilbert HOUSSET, menuisier vivant dans la MANCHE, collection achet\u00e9e par les GABRIEL.<\/p>\t\t\t\t\t\t\t\t<\/div>\n\t\t\t\t<\/div>\n\t\t<div class=\"elementor-element elementor-element-48d64ed e-con-full e-flex e-con e-child\" data-id=\"48d64ed\" data-element_type=\"container\" data-settings=\"{&quot;background_background&quot;:&quot;slideshow&quot;,&quot;background_slideshow_gallery&quot;:[{&quot;id&quot;:256,&quot;url&quot;:&quot;http:\\\/\\\/www.amicale-meriteagricole76.org\\\/wp-content\\\/uploads\\\/2025\\\/11\\\/Img_Article1.png&quot;}],&quot;background_slideshow_loop&quot;:&quot;yes&quot;,&quot;background_slideshow_slide_duration&quot;:5000,&quot;background_slideshow_slide_transition&quot;:&quot;fade&quot;,&quot;background_slideshow_transition_duration&quot;:500}\">\n\t\t\t\t<\/div>\n\t\t\t\t\t<\/div>\n\t\t\t\t<\/div>\n\t\t<div class=\"elementor-element elementor-element-1fcc4bd e-flex e-con-boxed e-con e-parent\" data-id=\"1fcc4bd\" data-element_type=\"container\">\n\t\t\t\t\t<div class=\"e-con-inner\">\n\t\t\t\t<div class=\"elementor-element elementor-element-a841168 elementor-widget elementor-widget-heading\" data-id=\"a841168\" data-element_type=\"widget\" data-widget_type=\"heading.default\">\n\t\t\t\t\t<h3 class=\"elementor-heading-title elementor-size-default\">Notre pause d\u00e9jeuner au restaurant l\u2019Atelier \u00e0 LUNERAY dans une ambiance chaleureuse \u00e0 la d\u00e9coration \u00ab\u00a0industrielle\u00a0\u00bb.<\/h3>\t\t\t\t<\/div>\n\t\t<div class=\"elementor-element elementor-element-5014530 e-grid e-con-full e-con e-child\" data-id=\"5014530\" data-element_type=\"container\">\n\t\t\t\t<div class=\"elementor-element elementor-element-c63fecf elementor-widget elementor-widget-image\" data-id=\"c63fecf\" data-element_type=\"widget\" data-widget_type=\"image.default\">\n\t\t\t\t\t\t\t\t\t\t\t\t\t\t\t<img decoding=\"async\" width=\"800\" height=\"426\" src=\"https:\/\/www.amicale-meriteagricole76.org\/wp-content\/uploads\/2025\/11\/Img2_Article1-1024x545.png\" class=\"attachment-large size-large wp-image-261\" alt=\"\" srcset=\"https:\/\/www.amicale-meriteagricole76.org\/wp-content\/uploads\/2025\/11\/Img2_Article1-1024x545.png 1024w, https:\/\/www.amicale-meriteagricole76.org\/wp-content\/uploads\/2025\/11\/Img2_Article1-300x160.png 300w, https:\/\/www.amicale-meriteagricole76.org\/wp-content\/uploads\/2025\/11\/Img2_Article1-768x409.png 768w, https:\/\/www.amicale-meriteagricole76.org\/wp-content\/uploads\/2025\/11\/Img2_Article1.png 1480w\" sizes=\"(max-width: 800px) 100vw, 800px\" \/>\t\t\t\t\t\t\t\t\t\t\t\t\t\t\t<\/div>\n\t\t\t\t<div class=\"elementor-element elementor-element-d63418f elementor-widget elementor-widget-image\" data-id=\"d63418f\" data-element_type=\"widget\" data-widget_type=\"image.default\">\n\t\t\t\t\t\t\t\t\t\t\t\t\t\t\t<img decoding=\"async\" width=\"800\" height=\"426\" src=\"https:\/\/www.amicale-meriteagricole76.org\/wp-content\/uploads\/2025\/11\/Img3_Article1-1024x545.png\" class=\"attachment-large size-large wp-image-263\" alt=\"\" srcset=\"https:\/\/www.amicale-meriteagricole76.org\/wp-content\/uploads\/2025\/11\/Img3_Article1-1024x545.png 1024w, https:\/\/www.amicale-meriteagricole76.org\/wp-content\/uploads\/2025\/11\/Img3_Article1-300x160.png 300w, https:\/\/www.amicale-meriteagricole76.org\/wp-content\/uploads\/2025\/11\/Img3_Article1-768x409.png 768w, https:\/\/www.amicale-meriteagricole76.org\/wp-content\/uploads\/2025\/11\/Img3_Article1.png 1480w\" sizes=\"(max-width: 800px) 100vw, 800px\" \/>\t\t\t\t\t\t\t\t\t\t\t\t\t\t\t<\/div>\n\t\t\t\t<div class=\"elementor-element elementor-element-f40ac4d elementor-widget elementor-widget-image\" data-id=\"f40ac4d\" data-element_type=\"widget\" data-widget_type=\"image.default\">\n\t\t\t\t\t\t\t\t\t\t\t\t\t\t\t<img loading=\"lazy\" decoding=\"async\" width=\"800\" height=\"426\" src=\"https:\/\/www.amicale-meriteagricole76.org\/wp-content\/uploads\/2025\/11\/Img4_Article1-1024x545.png\" class=\"attachment-large size-large wp-image-264\" alt=\"\" srcset=\"https:\/\/www.amicale-meriteagricole76.org\/wp-content\/uploads\/2025\/11\/Img4_Article1-1024x545.png 1024w, https:\/\/www.amicale-meriteagricole76.org\/wp-content\/uploads\/2025\/11\/Img4_Article1-300x160.png 300w, https:\/\/www.amicale-meriteagricole76.org\/wp-content\/uploads\/2025\/11\/Img4_Article1-768x409.png 768w, https:\/\/www.amicale-meriteagricole76.org\/wp-content\/uploads\/2025\/11\/Img4_Article1.png 1480w\" sizes=\"(max-width: 800px) 100vw, 800px\" \/>\t\t\t\t\t\t\t\t\t\t\t\t\t\t\t<\/div>\n\t\t\t\t<div class=\"elementor-element elementor-element-c7985df elementor-widget elementor-widget-image\" data-id=\"c7985df\" data-element_type=\"widget\" data-widget_type=\"image.default\">\n\t\t\t\t\t\t\t\t\t\t\t\t\t\t\t<img loading=\"lazy\" decoding=\"async\" width=\"800\" height=\"426\" src=\"https:\/\/www.amicale-meriteagricole76.org\/wp-content\/uploads\/2025\/11\/Img5_Article1-1024x545.png\" class=\"attachment-large size-large wp-image-265\" alt=\"\" srcset=\"https:\/\/www.amicale-meriteagricole76.org\/wp-content\/uploads\/2025\/11\/Img5_Article1-1024x545.png 1024w, https:\/\/www.amicale-meriteagricole76.org\/wp-content\/uploads\/2025\/11\/Img5_Article1-300x160.png 300w, https:\/\/www.amicale-meriteagricole76.org\/wp-content\/uploads\/2025\/11\/Img5_Article1-768x409.png 768w, https:\/\/www.amicale-meriteagricole76.org\/wp-content\/uploads\/2025\/11\/Img5_Article1.png 1480w\" sizes=\"(max-width: 800px) 100vw, 800px\" \/>\t\t\t\t\t\t\t\t\t\t\t\t\t\t\t<\/div>\n\t\t\t\t<\/div>\n\t\t\t\t\t<\/div>\n\t\t\t\t<\/div>\n\t\t<div class=\"elementor-element elementor-element-312ba8c e-flex e-con-boxed e-con e-parent\" data-id=\"312ba8c\" data-element_type=\"container\" data-settings=\"{&quot;background_background&quot;:&quot;classic&quot;}\">\n\t\t\t\t\t<div class=\"e-con-inner\">\n\t\t\t\t<div class=\"elementor-element elementor-element-2292216 elementor-widget elementor-widget-heading\" data-id=\"2292216\" data-element_type=\"widget\" data-widget_type=\"heading.default\">\n\t\t\t\t\t<h3 class=\"elementor-heading-title elementor-size-default\">En apr\u00e8s-midi, promenade et d\u00e9ambulation dans les jardins du ch\u00e2teau du MESNIL-GEOFFROY \u00e0 ERMENOUVILLE \u00e0 la d\u00e9couverte de la somptueuse collection de roses, la plus importante de Normandie.<\/h3>\t\t\t\t<\/div>\n\t\t\t\t<div class=\"elementor-element elementor-element-3cf5f17 elementor-widget elementor-widget-image\" data-id=\"3cf5f17\" data-element_type=\"widget\" data-widget_type=\"image.default\">\n\t\t\t\t\t\t\t\t\t\t\t\t\t\t\t<img loading=\"lazy\" decoding=\"async\" width=\"800\" height=\"237\" src=\"https:\/\/www.amicale-meriteagricole76.org\/wp-content\/uploads\/2025\/11\/Img6_Article1-1024x303.png\" class=\"attachment-large size-large wp-image-289\" alt=\"\" srcset=\"https:\/\/www.amicale-meriteagricole76.org\/wp-content\/uploads\/2025\/11\/Img6_Article1-1024x303.png 1024w, https:\/\/www.amicale-meriteagricole76.org\/wp-content\/uploads\/2025\/11\/Img6_Article1-300x89.png 300w, https:\/\/www.amicale-meriteagricole76.org\/wp-content\/uploads\/2025\/11\/Img6_Article1-768x227.png 768w, https:\/\/www.amicale-meriteagricole76.org\/wp-content\/uploads\/2025\/11\/Img6_Article1-1536x454.png 1536w, https:\/\/www.amicale-meriteagricole76.org\/wp-content\/uploads\/2025\/11\/Img6_Article1-2048x606.png 2048w\" sizes=\"(max-width: 800px) 100vw, 800px\" \/>\t\t\t\t\t\t\t\t\t\t\t\t\t\t\t<\/div>\n\t\t\t\t\t<\/div>\n\t\t\t\t<\/div>\n\t\t<div class=\"elementor-element elementor-element-ee4241b e-flex e-con-boxed e-con e-parent\" data-id=\"ee4241b\" data-element_type=\"container\">\n\t\t\t\t\t<div class=\"e-con-inner\">\n\t\t<div class=\"elementor-element elementor-element-a37e4a7 e-con-full e-flex e-con e-child\" data-id=\"a37e4a7\" data-element_type=\"container\">\n\t\t\t\t<div class=\"elementor-element elementor-element-22f0318 elementor-widget elementor-widget-heading\" data-id=\"22f0318\" data-element_type=\"widget\" data-widget_type=\"heading.default\">\n\t\t\t\t\t<h3 class=\"elementor-heading-title elementor-size-default\">Accueil princier au cours de la visite guid\u00e9e des appartements du rez-de-chauss\u00e9e de la majestueuse demeure des KAYALI.<\/h3>\t\t\t\t<\/div>\n\t\t\t\t<div class=\"elementor-element elementor-element-2c73b0d elementor-widget elementor-widget-text-editor\" data-id=\"2c73b0d\" data-element_type=\"widget\" data-widget_type=\"text-editor.default\">\n\t\t\t\t\t\t\t\t\t<p>Noblesse oblige\u2026quelques mots sur les codes et les usages du savoir-\u00eatre et du savoir-vivre.<br \/>La ma\u00eetresse de maison, f\u00e9rue des arts de la table du XVIII\u00e8me si\u00e8cle, nous en expliqua toutes ses subtilit\u00e9s.<br \/>Avant notre d\u00e9part, G\u00e9rard LEROUX et Jo\u00eblle PESSY manifest\u00e8rent notre gratitude et nos sinc\u00e8res remerciements aupr\u00e8s de la Princesse KAYALI en lui offrant quelques gourmandises.<\/p>\t\t\t\t\t\t\t\t<\/div>\n\t\t\t\t<\/div>\n\t\t<div class=\"elementor-element elementor-element-bfa074c e-con-full e-flex e-con e-child\" data-id=\"bfa074c\" data-element_type=\"container\">\n\t\t\t\t<div class=\"elementor-element elementor-element-d9e2cf5 elementor-widget elementor-widget-image\" data-id=\"d9e2cf5\" data-element_type=\"widget\" data-widget_type=\"image.default\">\n\t\t\t\t\t\t\t\t\t\t\t\t\t\t\t<img loading=\"lazy\" decoding=\"async\" width=\"800\" height=\"421\" src=\"https:\/\/www.amicale-meriteagricole76.org\/wp-content\/uploads\/2025\/11\/Img7_Article1-1024x539.png\" class=\"attachment-large size-large wp-image-285\" alt=\"\" srcset=\"https:\/\/www.amicale-meriteagricole76.org\/wp-content\/uploads\/2025\/11\/Img7_Article1-1024x539.png 1024w, https:\/\/www.amicale-meriteagricole76.org\/wp-content\/uploads\/2025\/11\/Img7_Article1-300x158.png 300w, https:\/\/www.amicale-meriteagricole76.org\/wp-content\/uploads\/2025\/11\/Img7_Article1-768x404.png 768w, https:\/\/www.amicale-meriteagricole76.org\/wp-content\/uploads\/2025\/11\/Img7_Article1.png 1528w\" sizes=\"(max-width: 800px) 100vw, 800px\" \/>\t\t\t\t\t\t\t\t\t\t\t\t\t\t\t<\/div>\n\t\t\t\t<\/div>\n\t\t\t\t\t<\/div>\n\t\t\t\t<\/div>\n\t\t\t\t<\/div>\n\t\t","protected":false},"excerpt":{"rendered":"<p>1ER JUIN 2024 Promenade au ch\u00e2teau de ROYVILLE du 1er juin 2024 Le samedi 1er\u00a0juin 2024, nous avons eu la joie de nous retrouver quelques jours avant de f\u00eate l\u2019\u00e9t\u00e9. Tr\u00e8s agr\u00e9able journ\u00e9e organis\u00e9e par Madame Jo\u00eblle PESSY dont le programme se d\u00e9clinait, en matin\u00e9e \u00e0 ROYVILLE, par la visite guid\u00e9e par le propri\u00e9taire Arnaud [&hellip;]<\/p>\n","protected":false},"author":1,"featured_media":0,"parent":0,"menu_order":0,"comment_status":"closed","ping_status":"closed","template":"","meta":{"footnotes":""},"class_list":["post-242","page","type-page","status-publish","hentry"],"_links":{"self":[{"href":"https:\/\/www.amicale-meriteagricole76.org\/index.php\/wp-json\/wp\/v2\/pages\/242","targetHints":{"allow":["GET"]}}],"collection":[{"href":"https:\/\/www.amicale-meriteagricole76.org\/index.php\/wp-json\/wp\/v2\/pages"}],"about":[{"href":"https:\/\/www.amicale-meriteagricole76.org\/index.php\/wp-json\/wp\/v2\/types\/page"}],"author":[{"embeddable":true,"href":"https:\/\/www.amicale-meriteagricole76.org\/index.php\/wp-json\/wp\/v2\/users\/1"}],"replies":[{"embeddable":true,"href":"https:\/\/www.amicale-meriteagricole76.org\/index.php\/wp-json\/wp\/v2\/comments?post=242"}],"version-history":[{"count":52,"href":"https:\/\/www.amicale-meriteagricole76.org\/index.php\/wp-json\/wp\/v2\/pages\/242\/revisions"}],"predecessor-version":[{"id":560,"href":"https:\/\/www.amicale-meriteagricole76.org\/index.php\/wp-json\/wp\/v2\/pages\/242\/revisions\/560"}],"wp:attachment":[{"href":"https:\/\/www.amicale-meriteagricole76.org\/index.php\/wp-json\/wp\/v2\/media?parent=242"}],"curies":[{"name":"wp","href":"https:\/\/api.w.org\/{rel}","templated":true}]}}